{"id":50,"date":"2022-08-15T01:26:12","date_gmt":"2022-08-14T23:26:12","guid":{"rendered":"http:\/\/localhost\/studphil\/?page_id=50"},"modified":"2026-04-18T15:30:25","modified_gmt":"2026-04-18T13:30:25","slug":"termine","status":"publish","type":"page","link":"https:\/\/studentenphilharmonie.de\/index.php\/termine\/","title":{"rendered":"Termine"},"content":{"rendered":"\n<p>Das Programm wird ausschlie\u00dflich an Probewochenenden erarbeitet. Es gibt keine w\u00f6chentlichen Proben. Hier sind alle Proben- und Konzerttermine:<\/p>\n\n\n\n<h2 class=\"wp-block-heading\">N\u00e4chste Termine<\/h2>\n\n\n\n<div class=\"wp-block-columns is-layout-flex wp-container-core-columns-is-layout-9d6595d7 wp-block-columns-is-layout-flex\">\n<div class=\"wp-block-column is-layout-flow wp-block-column-is-layout-flow\" style=\"flex-basis:100%\">\n<div class=\"wp-block-group\"><div class=\"wp-block-group__inner-container is-layout-flow wp-block-group-is-layout-flow\">\n<div class=\"wp-block-columns is-layout-flex wp-container-core-columns-is-layout-9d6595d7 wp-block-columns-is-layout-flex\">\n<div class=\"wp-block-column is-vertically-aligned-top is-layout-flow wp-block-column-is-layout-flow\" style=\"flex-basis:100%\">\n<div  class=\"tribe-compatibility-container\" >\n\t<div\n\t\t class=\"tribe-common tribe-events tribe-events-view tribe-events-view--widget-events-list tribe-events-widget\" \t\tdata-js=\"tribe-events-view\"\n\t\tdata-view-rest-url=\"https:\/\/studentenphilharmonie.de\/index.php\/wp-json\/tribe\/views\/v2\/html\"\n\t\tdata-view-manage-url=\"1\"\n\t\t\t\t\t\t\tdata-view-breakpoint-pointer=\"419f4582-1833-4c6d-b8a0-3633d3da93ca\"\n\t\t\t>\n\t\t<div class=\"tribe-events-widget-events-list\">\n\n\t\t\t<script type=\"application\/ld+json\">\r\n[{\"@context\":\"http:\/\/schema.org\",\"@type\":\"Event\",\"name\":\"2. Probenwochenende SoSe 26\",\"description\":\"&lt;p&gt;2. Probenwochenende: Details folgen&lt;\/p&gt;\\\\n\",\"image\":\"https:\/\/studentenphilharmonie.de\/wp-content\/uploads\/2025\/03\/IMG_4375-scaled.jpg\",\"url\":\"https:\/\/studentenphilharmonie.de\/index.php\/event\/2-probenwochenende-sose-26-2\/\",\"eventAttendanceMode\":\"https:\/\/schema.org\/OfflineEventAttendanceMode\",\"eventStatus\":\"https:\/\/schema.org\/EventScheduled\",\"startDate\":\"2026-05-02T10:00:00+02:00\",\"endDate\":\"2026-05-02T18:00:00+02:00\",\"location\":{\"@type\":\"Place\",\"name\":\"T\\u00fcbingen, Neue Aula, Festsaal\",\"description\":\"\",\"url\":\"\",\"address\":{\"@type\":\"PostalAddress\",\"streetAddress\":\"Geschwister-Scholl-Platz\",\"addressLocality\":\"T\\u00fcbingen\",\"postalCode\":\"72074\",\"addressCountry\":\"Deutschland\"},\"telephone\":\"\",\"sameAs\":\"\"},\"performer\":\"Organization\"},{\"@context\":\"http:\/\/schema.org\",\"@type\":\"Event\",\"name\":\"2. Probenwochenende SoSe 26\",\"description\":\"&lt;p&gt;2. Probenwochenende: Details folgen&lt;\/p&gt;\\\\n\",\"image\":\"https:\/\/studentenphilharmonie.de\/wp-content\/uploads\/2024\/03\/grades-2833897-scaled.jpg\",\"url\":\"https:\/\/studentenphilharmonie.de\/index.php\/event\/2-probenwochenende-sose-26\/\",\"eventAttendanceMode\":\"https:\/\/schema.org\/OfflineEventAttendanceMode\",\"eventStatus\":\"https:\/\/schema.org\/EventScheduled\",\"startDate\":\"2026-05-03T10:00:00+02:00\",\"endDate\":\"2026-05-03T18:00:00+02:00\",\"location\":{\"@type\":\"Place\",\"name\":\"T\\u00fcbingen, Neue Aula, Festsaal\",\"description\":\"\",\"url\":\"\",\"address\":{\"@type\":\"PostalAddress\",\"streetAddress\":\"Geschwister-Scholl-Platz\",\"addressLocality\":\"T\\u00fcbingen\",\"postalCode\":\"72074\",\"addressCountry\":\"Deutschland\"},\"telephone\":\"\",\"sameAs\":\"\"},\"performer\":\"Organization\"},{\"@context\":\"http:\/\/schema.org\",\"@type\":\"Event\",\"name\":\"3. Probenwochenende SoSe 26\",\"description\":\"&lt;p&gt;3. Probenwochenende: Samstag, 13.06.2026, 10:00 Uhr bis 18:00 Uhr im Festsaal der Neuen Aula Details folgen&lt;\/p&gt;\\\\n\",\"image\":\"https:\/\/studentenphilharmonie.de\/wp-content\/uploads\/2024\/04\/Winterkozert-2023-2024.png\",\"url\":\"https:\/\/studentenphilharmonie.de\/index.php\/event\/3-probenwochenende-sose-26\/\",\"eventAttendanceMode\":\"https:\/\/schema.org\/OfflineEventAttendanceMode\",\"eventStatus\":\"https:\/\/schema.org\/EventScheduled\",\"startDate\":\"2026-06-13T10:00:00+02:00\",\"endDate\":\"2026-06-13T18:00:00+02:00\",\"location\":{\"@type\":\"Place\",\"name\":\"T\\u00fcbingen, Neue Aula, Festsaal\",\"description\":\"\",\"url\":\"\",\"address\":{\"@type\":\"PostalAddress\",\"streetAddress\":\"Geschwister-Scholl-Platz\",\"addressLocality\":\"T\\u00fcbingen\",\"postalCode\":\"72074\",\"addressCountry\":\"Deutschland\"},\"telephone\":\"\",\"sameAs\":\"\"},\"performer\":\"Organization\"},{\"@context\":\"http:\/\/schema.org\",\"@type\":\"Event\",\"name\":\"3. Probenwochenende SoSe 26\",\"description\":\"&lt;p&gt;3. Probenwochenende: Sonntag, 14.06.2026, 10:00 Uhr bis 18:00 Uhr im Festsaal der Neuen Aula Details folgen&lt;\/p&gt;\\\\n\",\"image\":\"https:\/\/studentenphilharmonie.de\/wp-content\/uploads\/2023\/09\/IMG-20230714-WA0000.jpg\",\"url\":\"https:\/\/studentenphilharmonie.de\/index.php\/event\/3-probenwochenende-sose-26-2\/\",\"eventAttendanceMode\":\"https:\/\/schema.org\/OfflineEventAttendanceMode\",\"eventStatus\":\"https:\/\/schema.org\/EventScheduled\",\"startDate\":\"2026-06-14T10:00:00+02:00\",\"endDate\":\"2026-06-14T18:00:00+02:00\",\"location\":{\"@type\":\"Place\",\"name\":\"T\\u00fcbingen, Neue Aula, Festsaal\",\"description\":\"\",\"url\":\"\",\"address\":{\"@type\":\"PostalAddress\",\"streetAddress\":\"Geschwister-Scholl-Platz\",\"addressLocality\":\"T\\u00fcbingen\",\"postalCode\":\"72074\",\"addressCountry\":\"Deutschland\"},\"telephone\":\"\",\"sameAs\":\"\"},\"performer\":\"Organization\"},{\"@context\":\"http:\/\/schema.org\",\"@type\":\"Event\",\"name\":\"4. Probenwochenende SoSe 26\",\"description\":\"&lt;p&gt;4. Probenwochenende: Samstag, 04.07.2026, 10:00 Uhr bis 18:00 Uhr im Festsaal der Neuen Aula Details folgen&lt;\/p&gt;\\\\n\",\"image\":\"https:\/\/studentenphilharmonie.de\/wp-content\/uploads\/2022\/10\/StudPhil2022-scaled.jpg\",\"url\":\"https:\/\/studentenphilharmonie.de\/index.php\/event\/4-probenwochenende-sose-26-2\/\",\"eventAttendanceMode\":\"https:\/\/schema.org\/OfflineEventAttendanceMode\",\"eventStatus\":\"https:\/\/schema.org\/EventScheduled\",\"startDate\":\"2026-07-04T10:00:00+02:00\",\"endDate\":\"2026-07-04T18:00:00+02:00\",\"performer\":\"Organization\"}]\r\n<\/script>\n\t\t\t<script data-js=\"tribe-events-view-data\" type=\"application\/json\">\n\t{\"slug\":\"widget-events-list\",\"prev_url\":\"\",\"next_url\":\"https:\\\/\\\/studentenphilharmonie.de\\\/?post_type=tribe_events&eventDisplay=widget-events-list&paged=2\",\"view_class\":\"Tribe\\\\Events\\\\Views\\\\V2\\\\Views\\\\Widgets\\\\Widget_List_View\",\"view_slug\":\"widget-events-list\",\"view_label\":\"View\",\"view\":null,\"should_manage_url\":true,\"id\":null,\"alias-slugs\":null,\"title\":\"Veranstaltungen von 27. April \\u2013 4. Juli \\u2013 Studentenphilharmonie T\\u00fcbingen\",\"limit\":\"5\",\"no_upcoming_events\":false,\"featured_events_only\":false,\"jsonld_enable\":true,\"tribe_is_list_widget\":false,\"admin_fields\":{\"title\":{\"label\":\"Titel:\",\"type\":\"text\",\"parent_classes\":\"\",\"classes\":\"\",\"dependency\":\"\",\"id\":\"widget-tribe-widget-events-list--1-title\",\"name\":\"widget-tribe-widget-events-list[-1][title]\",\"options\":[],\"placeholder\":\"\",\"value\":null},\"limit\":{\"label\":\"Anzeige:\",\"type\":\"number\",\"default\":5,\"min\":1,\"max\":10,\"step\":1,\"parent_classes\":\"\",\"classes\":\"\",\"dependency\":\"\",\"id\":\"widget-tribe-widget-events-list--1-limit\",\"name\":\"widget-tribe-widget-events-list[-1][limit]\",\"options\":[],\"placeholder\":\"\",\"value\":null},\"no_upcoming_events\":{\"label\":\"Blende dieses Widget aus, wenn es keine bevorstehenden Veranstaltungen gibt.\",\"type\":\"checkbox\",\"parent_classes\":\"\",\"classes\":\"\",\"dependency\":\"\",\"id\":\"widget-tribe-widget-events-list--1-no_upcoming_events\",\"name\":\"widget-tribe-widget-events-list[-1][no_upcoming_events]\",\"options\":[],\"placeholder\":\"\",\"value\":null},\"featured_events_only\":{\"label\":\"Nur auf hervorgehobene Veranstaltungen beschr\\u00e4nken\",\"type\":\"checkbox\",\"parent_classes\":\"\",\"classes\":\"\",\"dependency\":\"\",\"id\":\"widget-tribe-widget-events-list--1-featured_events_only\",\"name\":\"widget-tribe-widget-events-list[-1][featured_events_only]\",\"options\":[],\"placeholder\":\"\",\"value\":null},\"jsonld_enable\":{\"label\":\"JSON-LD-Daten generieren\",\"type\":\"checkbox\",\"parent_classes\":\"\",\"classes\":\"\",\"dependency\":\"\",\"id\":\"widget-tribe-widget-events-list--1-jsonld_enable\",\"name\":\"widget-tribe-widget-events-list[-1][jsonld_enable]\",\"options\":[],\"placeholder\":\"\",\"value\":null}},\"events\":[3189,3190,3195,3196,3199],\"url\":\"https:\\\/\\\/studentenphilharmonie.de\\\/?post_type=tribe_events&eventDisplay=widget-events-list\",\"url_event_date\":false,\"bar\":{\"keyword\":\"\",\"date\":\"\"},\"today\":\"2026-04-27 00:00:00\",\"now\":\"2026-04-27 07:54:17\",\"home_url\":\"https:\\\/\\\/studentenphilharmonie.de\",\"rest_url\":\"https:\\\/\\\/studentenphilharmonie.de\\\/index.php\\\/wp-json\\\/tribe\\\/views\\\/v2\\\/html\",\"rest_method\":\"GET\",\"rest_nonce\":\"\",\"today_url\":\"https:\\\/\\\/studentenphilharmonie.de\\\/?post_type=tribe_events&eventDisplay=widget-events-list&rest_route=%2Fwp%2Fv2%2Fpages%2F50\",\"today_title\":\"Klicke, um das heutige Datum auszuw\\u00e4hlen\",\"today_label\":\"Heute\",\"prev_label\":\"\",\"next_label\":\"\",\"date_formats\":{\"compact\":\"d.m.Y\",\"month_and_year_compact\":\"m.Y\",\"month_and_year\":\"F Y\",\"time_range_separator\":\" - \",\"date_time_separator\":\" @ \"},\"messages\":[],\"start_of_week\":\"1\",\"header_title\":\"\",\"header_title_element\":\"h1\",\"content_title\":\"\",\"show_content_title\":false,\"breadcrumbs\":[],\"backlink\":false,\"before_events\":\"\",\"after_events\":\"\\n<!--\\nThis calendar is powered by The Events Calendar.\\nhttp:\\\/\\\/evnt.is\\\/18wn\\n-->\\n\",\"display_events_bar\":false,\"disable_event_search\":false,\"live_refresh\":true,\"ical\":{\"display_link\":true,\"link\":{\"url\":\"https:\\\/\\\/studentenphilharmonie.de\\\/?post_type=tribe_events&#038;eventDisplay=widget-events-list&#038;ical=1\",\"text\":\"Veranstaltungen als iCal exportieren\",\"title\":\"Diese Funktion verwenden, um Kalenderdaten mit Google Kalender, Apple iCal und kompatiblen Apps zu teilen\"}},\"container_classes\":[\"tribe-common\",\"tribe-events\",\"tribe-events-view\",\"tribe-events-view--widget-events-list\",\"tribe-events-widget\"],\"container_data\":[],\"is_past\":false,\"breakpoints\":{\"xsmall\":500,\"medium\":768,\"full\":960},\"breakpoint_pointer\":\"419f4582-1833-4c6d-b8a0-3633d3da93ca\",\"is_initial_load\":false,\"public_views\":{\"list\":{\"view_class\":\"Tribe\\\\Events\\\\Views\\\\V2\\\\Views\\\\List_View\",\"view_url\":\"https:\\\/\\\/studentenphilharmonie.de\\\/events\\\/liste\\\/\",\"view_label\":\"Liste\",\"aria_label\":\"Zeige Veranstaltungen in der Liste Ansicht\"},\"day\":{\"view_class\":\"Tribe\\\\Events\\\\Views\\\\V2\\\\Views\\\\Day_View\",\"view_url\":\"https:\\\/\\\/studentenphilharmonie.de\\\/events\\\/heute\\\/\",\"view_label\":\"Tag\",\"aria_label\":\"Zeige Veranstaltungen in der Tag Ansicht\"}},\"show_latest_past\":false,\"past\":false,\"compatibility_classes\":[\"tribe-compatibility-container\"],\"view_more_text\":\"Kalender anzeigen\",\"view_more_title\":\"Weitere Veranstaltungen anzeigen.\",\"view_more_link\":\"https:\\\/\\\/studentenphilharmonie.de\\\/events\\\/\",\"widget_title\":\"Anstehende Veranstaltungen\",\"hide_if_no_upcoming_events\":false,\"display\":[],\"subscribe_links\":{\"gcal\":{\"label\":\"Google Kalender\",\"single_label\":\"Zu Google Kalender hinzuf\\u00fcgen\",\"visible\":true,\"block_slug\":\"hasGoogleCalendar\"},\"ical\":{\"label\":\"iCalendar\",\"single_label\":\"Zu iCalendar hinzuf\\u00fcgen\",\"visible\":true,\"block_slug\":\"hasiCal\"},\"outlook-365\":{\"label\":\"Outlook 365\",\"single_label\":\"Outlook 365\",\"visible\":true,\"block_slug\":\"hasOutlook365\"},\"outlook-live\":{\"label\":\"Outlook Live\",\"single_label\":\"Outlook Live\",\"visible\":true,\"block_slug\":\"hasOutlookLive\"},\"ics\":{\"label\":\".ics-Datei exportieren\",\"single_label\":\".ics-Datei exportieren\",\"visible\":true,\"block_slug\":null},\"outlook-ics\":{\"label\":\"Exportiere Outlook .ics Datei\",\"single_label\":\"Exportiere Outlook .ics Datei\",\"visible\":true,\"block_slug\":null}},\"_context\":{\"slug\":\"widget-events-list\"}}<\/script>\n\n\t\t\t\t\t\t\t<header class=\"tribe-events-widget-events-list__header\">\n\t\t\t\t\t<h2 class=\"tribe-events-widget-events-list__header-title tribe-common-h6 tribe-common-h--alt\">\n\t\t\t\t\t\tAnstehende Veranstaltungen\t\t\t\t\t<\/h2>\n\t\t\t\t<\/header>\n\t\t\t\n\t\t\t\n\t\t\t\t<div class=\"tribe-events-widget-events-list__events\">\n\t\t\t\t\t\t\t\t\t\t\t<div  class=\"tribe-common-g-row tribe-events-widget-events-list__event-row\" >\n\n\t<div class=\"tribe-events-widget-events-list__event-date-tag tribe-common-g-col\">\n\t<time class=\"tribe-events-widget-events-list__event-date-tag-datetime\" datetime=\"2026-05-02\">\n\t\t<span class=\"tribe-events-widget-events-list__event-date-tag-month\">\n\t\t\tMai\t\t<\/span>\n\t\t<span class=\"tribe-events-widget-events-list__event-date-tag-daynum tribe-common-h2 tribe-common-h4--min-medium\">\n\t\t\t2\t\t<\/span>\n\t<\/time>\n<\/div>\n\n\t<div class=\"tribe-events-widget-events-list__event-wrapper tribe-common-g-col\">\n\t\t<article  class=\"tribe-events-widget-events-list__event post-3189 tribe_events type-tribe_events status-publish has-post-thumbnail tribe_events_cat-probe\" >\n\t\t\t<div class=\"tribe-events-widget-events-list__event-details\">\n\n\t\t\t\t<header class=\"tribe-events-widget-events-list__event-header\">\n\t\t\t\t\t<div class=\"tribe-events-widget-events-list__event-datetime-wrapper tribe-common-b2 tribe-common-b3--min-medium\">\n\t\t<time class=\"tribe-events-widget-events-list__event-datetime\" datetime=\"2026-05-02\">\n\t\t<span class=\"tribe-event-date-start\">10:00<\/span> &#8211; <span class=\"tribe-event-time\">18:00<\/span>\t<\/time>\n\t<\/div>\n\t\t\t\t\t<h3 class=\"tribe-events-widget-events-list__event-title tribe-common-h7\">\n\t<a\n\t\thref=\"https:\/\/studentenphilharmonie.de\/index.php\/event\/2-probenwochenende-sose-26-2\/\"\n\t\ttitle=\"2. Probenwochenende SoSe 26\"\n\t\trel=\"bookmark\"\n\t\tclass=\"tribe-events-widget-events-list__event-title-link tribe-common-anchor-thin\"\n\t>\n\t\t2. Probenwochenende SoSe 26\t<\/a>\n<\/h3>\n\t\t\t\t<\/header>\n\n\t\t\t\t\n\t\t\t<\/div>\n\t\t<\/article>\n\t<\/div>\n\n<\/div>\n\t\t\t\t\t\t\t\t\t\t\t<div  class=\"tribe-common-g-row tribe-events-widget-events-list__event-row\" >\n\n\t<div class=\"tribe-events-widget-events-list__event-date-tag tribe-common-g-col\">\n\t<time class=\"tribe-events-widget-events-list__event-date-tag-datetime\" datetime=\"2026-05-03\">\n\t\t<span class=\"tribe-events-widget-events-list__event-date-tag-month\">\n\t\t\tMai\t\t<\/span>\n\t\t<span class=\"tribe-events-widget-events-list__event-date-tag-daynum tribe-common-h2 tribe-common-h4--min-medium\">\n\t\t\t3\t\t<\/span>\n\t<\/time>\n<\/div>\n\n\t<div class=\"tribe-events-widget-events-list__event-wrapper tribe-common-g-col\">\n\t\t<article  class=\"tribe-events-widget-events-list__event post-3190 tribe_events type-tribe_events status-publish has-post-thumbnail tribe_events_cat-probe\" >\n\t\t\t<div class=\"tribe-events-widget-events-list__event-details\">\n\n\t\t\t\t<header class=\"tribe-events-widget-events-list__event-header\">\n\t\t\t\t\t<div class=\"tribe-events-widget-events-list__event-datetime-wrapper tribe-common-b2 tribe-common-b3--min-medium\">\n\t\t<time class=\"tribe-events-widget-events-list__event-datetime\" datetime=\"2026-05-03\">\n\t\t<span class=\"tribe-event-date-start\">10:00<\/span> &#8211; <span class=\"tribe-event-time\">18:00<\/span>\t<\/time>\n\t<\/div>\n\t\t\t\t\t<h3 class=\"tribe-events-widget-events-list__event-title tribe-common-h7\">\n\t<a\n\t\thref=\"https:\/\/studentenphilharmonie.de\/index.php\/event\/2-probenwochenende-sose-26\/\"\n\t\ttitle=\"2. Probenwochenende SoSe 26\"\n\t\trel=\"bookmark\"\n\t\tclass=\"tribe-events-widget-events-list__event-title-link tribe-common-anchor-thin\"\n\t>\n\t\t2. Probenwochenende SoSe 26\t<\/a>\n<\/h3>\n\t\t\t\t<\/header>\n\n\t\t\t\t\n\t\t\t<\/div>\n\t\t<\/article>\n\t<\/div>\n\n<\/div>\n\t\t\t\t\t\t\t\t\t\t\t<div  class=\"tribe-common-g-row tribe-events-widget-events-list__event-row\" >\n\n\t<div class=\"tribe-events-widget-events-list__event-date-tag tribe-common-g-col\">\n\t<time class=\"tribe-events-widget-events-list__event-date-tag-datetime\" datetime=\"2026-06-13\">\n\t\t<span class=\"tribe-events-widget-events-list__event-date-tag-month\">\n\t\t\tJuni\t\t<\/span>\n\t\t<span class=\"tribe-events-widget-events-list__event-date-tag-daynum tribe-common-h2 tribe-common-h4--min-medium\">\n\t\t\t13\t\t<\/span>\n\t<\/time>\n<\/div>\n\n\t<div class=\"tribe-events-widget-events-list__event-wrapper tribe-common-g-col\">\n\t\t<article  class=\"tribe-events-widget-events-list__event post-3195 tribe_events type-tribe_events status-publish has-post-thumbnail tribe_events_cat-probe\" >\n\t\t\t<div class=\"tribe-events-widget-events-list__event-details\">\n\n\t\t\t\t<header class=\"tribe-events-widget-events-list__event-header\">\n\t\t\t\t\t<div class=\"tribe-events-widget-events-list__event-datetime-wrapper tribe-common-b2 tribe-common-b3--min-medium\">\n\t\t<time class=\"tribe-events-widget-events-list__event-datetime\" datetime=\"2026-06-13\">\n\t\t<span class=\"tribe-event-date-start\">10:00<\/span> &#8211; <span class=\"tribe-event-time\">18:00<\/span>\t<\/time>\n\t<\/div>\n\t\t\t\t\t<h3 class=\"tribe-events-widget-events-list__event-title tribe-common-h7\">\n\t<a\n\t\thref=\"https:\/\/studentenphilharmonie.de\/index.php\/event\/3-probenwochenende-sose-26\/\"\n\t\ttitle=\"3. Probenwochenende SoSe 26\"\n\t\trel=\"bookmark\"\n\t\tclass=\"tribe-events-widget-events-list__event-title-link tribe-common-anchor-thin\"\n\t>\n\t\t3. Probenwochenende SoSe 26\t<\/a>\n<\/h3>\n\t\t\t\t<\/header>\n\n\t\t\t\t\n\t\t\t<\/div>\n\t\t<\/article>\n\t<\/div>\n\n<\/div>\n\t\t\t\t\t\t\t\t\t\t\t<div  class=\"tribe-common-g-row tribe-events-widget-events-list__event-row\" >\n\n\t<div class=\"tribe-events-widget-events-list__event-date-tag tribe-common-g-col\">\n\t<time class=\"tribe-events-widget-events-list__event-date-tag-datetime\" datetime=\"2026-06-14\">\n\t\t<span class=\"tribe-events-widget-events-list__event-date-tag-month\">\n\t\t\tJuni\t\t<\/span>\n\t\t<span class=\"tribe-events-widget-events-list__event-date-tag-daynum tribe-common-h2 tribe-common-h4--min-medium\">\n\t\t\t14\t\t<\/span>\n\t<\/time>\n<\/div>\n\n\t<div class=\"tribe-events-widget-events-list__event-wrapper tribe-common-g-col\">\n\t\t<article  class=\"tribe-events-widget-events-list__event post-3196 tribe_events type-tribe_events status-publish has-post-thumbnail tribe_events_cat-probe\" >\n\t\t\t<div class=\"tribe-events-widget-events-list__event-details\">\n\n\t\t\t\t<header class=\"tribe-events-widget-events-list__event-header\">\n\t\t\t\t\t<div class=\"tribe-events-widget-events-list__event-datetime-wrapper tribe-common-b2 tribe-common-b3--min-medium\">\n\t\t<time class=\"tribe-events-widget-events-list__event-datetime\" datetime=\"2026-06-14\">\n\t\t<span class=\"tribe-event-date-start\">10:00<\/span> &#8211; <span class=\"tribe-event-time\">18:00<\/span>\t<\/time>\n\t<\/div>\n\t\t\t\t\t<h3 class=\"tribe-events-widget-events-list__event-title tribe-common-h7\">\n\t<a\n\t\thref=\"https:\/\/studentenphilharmonie.de\/index.php\/event\/3-probenwochenende-sose-26-2\/\"\n\t\ttitle=\"3. Probenwochenende SoSe 26\"\n\t\trel=\"bookmark\"\n\t\tclass=\"tribe-events-widget-events-list__event-title-link tribe-common-anchor-thin\"\n\t>\n\t\t3. Probenwochenende SoSe 26\t<\/a>\n<\/h3>\n\t\t\t\t<\/header>\n\n\t\t\t\t\n\t\t\t<\/div>\n\t\t<\/article>\n\t<\/div>\n\n<\/div>\n\t\t\t\t\t\t\t\t\t\t\t<div  class=\"tribe-common-g-row tribe-events-widget-events-list__event-row\" >\n\n\t<div class=\"tribe-events-widget-events-list__event-date-tag tribe-common-g-col\">\n\t<time class=\"tribe-events-widget-events-list__event-date-tag-datetime\" datetime=\"2026-07-04\">\n\t\t<span class=\"tribe-events-widget-events-list__event-date-tag-month\">\n\t\t\tJuli\t\t<\/span>\n\t\t<span class=\"tribe-events-widget-events-list__event-date-tag-daynum tribe-common-h2 tribe-common-h4--min-medium\">\n\t\t\t4\t\t<\/span>\n\t<\/time>\n<\/div>\n\n\t<div class=\"tribe-events-widget-events-list__event-wrapper tribe-common-g-col\">\n\t\t<article  class=\"tribe-events-widget-events-list__event post-3199 tribe_events type-tribe_events status-publish has-post-thumbnail tribe_events_cat-probe\" >\n\t\t\t<div class=\"tribe-events-widget-events-list__event-details\">\n\n\t\t\t\t<header class=\"tribe-events-widget-events-list__event-header\">\n\t\t\t\t\t<div class=\"tribe-events-widget-events-list__event-datetime-wrapper tribe-common-b2 tribe-common-b3--min-medium\">\n\t\t<time class=\"tribe-events-widget-events-list__event-datetime\" datetime=\"2026-07-04\">\n\t\t<span class=\"tribe-event-date-start\">10:00<\/span> &#8211; <span class=\"tribe-event-time\">18:00<\/span>\t<\/time>\n\t<\/div>\n\t\t\t\t\t<h3 class=\"tribe-events-widget-events-list__event-title tribe-common-h7\">\n\t<a\n\t\thref=\"https:\/\/studentenphilharmonie.de\/index.php\/event\/4-probenwochenende-sose-26-2\/\"\n\t\ttitle=\"4. Probenwochenende SoSe 26\"\n\t\trel=\"bookmark\"\n\t\tclass=\"tribe-events-widget-events-list__event-title-link tribe-common-anchor-thin\"\n\t>\n\t\t4. Probenwochenende SoSe 26\t<\/a>\n<\/h3>\n\t\t\t\t<\/header>\n\n\t\t\t\t\n\t\t\t<\/div>\n\t\t<\/article>\n\t<\/div>\n\n<\/div>\n\t\t\t\t\t\t\t\t\t<\/div>\n\n\t\t\t\t<div class=\"tribe-events-widget-events-list__view-more tribe-common-b1 tribe-common-b2--min-medium\">\n\t<a\n\t\thref=\"https:\/\/studentenphilharmonie.de\/events\/\"\n\t\tclass=\"tribe-events-widget-events-list__view-more-link tribe-common-anchor-thin\"\n\t\ttitle=\"Weitere Veranstaltungen anzeigen.\"\n\t>\n\t\tKalender anzeigen\t<\/a>\n<\/div>\n\n\t\t\t\t\t<\/div>\n\t<\/div>\n<\/div>\n<script data-js='tribe-events-view-nonce-data' type='application\/json'>{\"tvn1\":\"9356533868\",\"tvn2\":\"\"}<\/script>\n<\/div>\n<\/div>\n<\/div><\/div>\n<\/div>\n<\/div>\n\n\n\n<div class=\"wp-block-buttons is-layout-flex wp-block-buttons-is-layout-flex\">\n<div class=\"wp-block-button\"><a class=\"wp-block-button__link wp-element-button\" href=\"\/events\/\">Terminkalender (gesamt)<\/a><\/div>\n\n\n\n<div class=\"wp-block-button\"><a class=\"wp-block-button__link wp-element-button\" href=\"#termindetails\">Termindetails (Probezeiten und -Ort)<\/a><\/div>\n<\/div>\n\n\n\n<div class=\"wp-block-group\"><div class=\"wp-block-group__inner-container is-layout-constrained wp-block-group-is-layout-constrained\">\n<h2 class=\"wp-block-heading\" id=\"kalenderabo\">Terminkalender abonnieren<\/h2>\n\n\n\n<p>Abonniere den Kalender der StudPhil und behalte alle Termine im Blick:<\/p>\n\n\n\n<ul class=\"wp-block-list\">\n<li><a href=\"https:\/\/www.google.com\/calendar\/render?cid=webcal%3A%2F%2Fstudentenphilharmonie.de%2F%3Fpost_type%3Dtribe_events%26tribe-bar-date%3D2026-04-27%26ical%3D1%26eventDisplay%3Dlist\">Google Calendar<\/a><\/li>\n\n\n\n<li><a href=\"webcal:\/\/studentenphilharmonie.de\/?post_type=tribe_events&amp;tribe-bar-date=2026-04-27&amp;ical=1&amp;eventDisplay=list\">iCalendar<\/a><\/li>\n<\/ul>\n\n\n\n<p>Weitere Kalenderformate findest du bei unserem <a href=\"\/events\/\">Veranstaltungskalender<\/a> ganz unten auf der Seite. Bei Problemen oder Fragen gerne melden.<\/p>\n\n\n\n<details class=\"wp-block-details is-layout-flow wp-block-details-is-layout-flow\"><summary>+ Anleitungen zum Einbinden des Kalenders im Google Calendar, Android, Apple und\/oder iPhone<\/summary>\n<div style=\"height:15px\" aria-hidden=\"true\" class=\"wp-block-spacer\"><\/div>\n\n\n\n<h4 class=\"wp-block-heading\">Google Calender App (Android-Smartphone)<\/h4>\n\n\n\n<p>Leider kann \u00fcber die Google Calender App ein Kalender nicht direkt abonniert werden:<\/p>\n\n\n\n<figure class=\"wp-block-image size-large\"><img loading=\"lazy\" decoding=\"async\" width=\"1024\" height=\"205\" src=\"https:\/\/studentenphilharmonie.de\/wp-content\/uploads\/2023\/09\/Google-Cal-App2-1024x205.png\" alt=\"\" class=\"wp-image-1920\" srcset=\"https:\/\/studentenphilharmonie.de\/wp-content\/uploads\/2023\/09\/Google-Cal-App2-1024x205.png 1024w, https:\/\/studentenphilharmonie.de\/wp-content\/uploads\/2023\/09\/Google-Cal-App2-300x60.png 300w, https:\/\/studentenphilharmonie.de\/wp-content\/uploads\/2023\/09\/Google-Cal-App2-768x154.png 768w, https:\/\/studentenphilharmonie.de\/wp-content\/uploads\/2023\/09\/Google-Cal-App2-1536x308.png 1536w, https:\/\/studentenphilharmonie.de\/wp-content\/uploads\/2023\/09\/Google-Cal-App2-2048x410.png 2048w, https:\/\/studentenphilharmonie.de\/wp-content\/uploads\/2023\/09\/Google-Cal-App2-1320x264.png 1320w\" sizes=\"auto, (max-width: 1024px) 100vw, 1024px\" \/><\/figure>\n\n\n\n<p>Daher muss der Kalender \u00fcber den <a href=\"https:\/\/calendar.google.com\/\" target=\"_blank\" rel=\"noreferrer noopener\">Browser<\/a> abonniert werden. Wie das geht, ist nachfolgend beschrieben.<\/p>\n\n\n\n<div style=\"height:40px\" aria-hidden=\"true\" class=\"wp-block-spacer\"><\/div>\n\n\n\n<h4 class=\"wp-block-heading\">Google Calendar (Browser) und Android-Smartphones<\/h4>\n\n\n\n<ol class=\"wp-block-list\">\n<li>Logge dich \u00fcber deinen <a href=\"https:\/\/calendar.google.com\/\" target=\"_blank\" rel=\"noreferrer noopener\">Browser im Google Calendar<\/a> ein.<\/li>\n\n\n\n<li>Klicke auf den Link <a href=\"http:\/\/https:\/\/www.google.com\/calendar\/render?cid=webcal%3A%2F%2Fstudentenphilharmonie.de%2F%3Fpost_type%3Dtribe_events%26tribe-bar-date%3D2026-04-27%26ical%3D1%26eventDisplay%3Dlist\" target=\"_blank\" rel=\"noreferrer noopener\">Google Calendar<\/a> oder wechsle auf die <a href=\"https:\/\/studentenphilharmonie.de\/index.php\/termine#kalenderabo\" target=\"_blank\" data-type=\"page\" data-id=\"50\" rel=\"noreferrer noopener\">Termine-Seite der StudPhil<\/a> und klicke unter Terminkalender abonnieren auf &#8222;Google Calendar&#8220;. <\/li>\n<\/ol>\n\n\n<div class=\"wp-block-image is-style-default\">\n<figure class=\"aligncenter size-large is-resized\"><a href=\"https:\/\/www.google.com\/calendar\/render?cid=webcal%3A%2F%2Fstudentenphilharmonie.de%2F%3Fpost_type%3Dtribe_events%26tribe-bar-date%3D2026-04-27%26ical%3D1%26eventDisplay%3Dlist\"><img loading=\"lazy\" decoding=\"async\" width=\"498\" height=\"1024\" src=\"https:\/\/studentenphilharmonie.de\/wp-content\/uploads\/2023\/09\/Google-Cal01-498x1024.jpg\" alt=\"\" class=\"wp-image-1892\" style=\"object-fit:cover;width:400px;height:855px\" srcset=\"https:\/\/studentenphilharmonie.de\/wp-content\/uploads\/2023\/09\/Google-Cal01-498x1024.jpg 498w, https:\/\/studentenphilharmonie.de\/wp-content\/uploads\/2023\/09\/Google-Cal01-146x300.jpg 146w, https:\/\/studentenphilharmonie.de\/wp-content\/uploads\/2023\/09\/Google-Cal01-768x1579.jpg 768w, https:\/\/studentenphilharmonie.de\/wp-content\/uploads\/2023\/09\/Google-Cal01-747x1536.jpg 747w, https:\/\/studentenphilharmonie.de\/wp-content\/uploads\/2023\/09\/Google-Cal01-996x2048.jpg 996w, https:\/\/studentenphilharmonie.de\/wp-content\/uploads\/2023\/09\/Google-Cal01.jpg 1080w\" sizes=\"auto, (max-width: 498px) 100vw, 498px\" \/><\/a><\/figure>\n<\/div>\n\n\n<ol start=\"2\" class=\"wp-block-list\">\n<li>Es erscheint ein Popup-Fenster, in dem der Kalender \u00fcber den Button &#8222;Hinzuf\u00fcgen&#8220; abonniert werden kann.<\/li>\n<\/ol>\n\n\n<div class=\"wp-block-image\">\n<figure class=\"aligncenter size-large\"><img loading=\"lazy\" decoding=\"async\" width=\"498\" height=\"1024\" src=\"https:\/\/studentenphilharmonie.de\/wp-content\/uploads\/2023\/09\/Google-Cal02-498x1024.jpg\" alt=\"\" class=\"wp-image-1893\" srcset=\"https:\/\/studentenphilharmonie.de\/wp-content\/uploads\/2023\/09\/Google-Cal02-498x1024.jpg 498w, https:\/\/studentenphilharmonie.de\/wp-content\/uploads\/2023\/09\/Google-Cal02-146x300.jpg 146w, https:\/\/studentenphilharmonie.de\/wp-content\/uploads\/2023\/09\/Google-Cal02-768x1579.jpg 768w, https:\/\/studentenphilharmonie.de\/wp-content\/uploads\/2023\/09\/Google-Cal02-747x1536.jpg 747w, https:\/\/studentenphilharmonie.de\/wp-content\/uploads\/2023\/09\/Google-Cal02-996x2048.jpg 996w, https:\/\/studentenphilharmonie.de\/wp-content\/uploads\/2023\/09\/Google-Cal02.jpg 1080w\" sizes=\"auto, (max-width: 498px) 100vw, 498px\" \/><\/figure>\n<\/div>\n\n\n<ol start=\"3\" class=\"wp-block-list\">\n<li>In der Leiste erscheint der neue Kalender.<\/li>\n<\/ol>\n\n\n<div class=\"wp-block-image\">\n<figure class=\"aligncenter size-large\"><img loading=\"lazy\" decoding=\"async\" width=\"498\" height=\"1024\" src=\"https:\/\/studentenphilharmonie.de\/wp-content\/uploads\/2023\/09\/Google-Cal03b-498x1024.png\" alt=\"\" class=\"wp-image-1900\" srcset=\"https:\/\/studentenphilharmonie.de\/wp-content\/uploads\/2023\/09\/Google-Cal03b-498x1024.png 498w, https:\/\/studentenphilharmonie.de\/wp-content\/uploads\/2023\/09\/Google-Cal03b-146x300.png 146w, https:\/\/studentenphilharmonie.de\/wp-content\/uploads\/2023\/09\/Google-Cal03b-768x1579.png 768w, https:\/\/studentenphilharmonie.de\/wp-content\/uploads\/2023\/09\/Google-Cal03b-747x1536.png 747w, https:\/\/studentenphilharmonie.de\/wp-content\/uploads\/2023\/09\/Google-Cal03b-996x2048.png 996w, https:\/\/studentenphilharmonie.de\/wp-content\/uploads\/2023\/09\/Google-Cal03b.png 1080w\" sizes=\"auto, (max-width: 498px) 100vw, 498px\" \/><\/figure>\n<\/div>\n\n\n<ol start=\"4\" class=\"wp-block-list\">\n<li>Binde deinen Google-Calendar in deine bevorzuzgten Kalender-App auf deinem Smartphone ein bzw. aktualisiere\/synchronisiere deine App. Der neue Kalender wird angezezigt.<\/li>\n<\/ol>\n\n\n\n<div style=\"height:40px\" aria-hidden=\"true\" class=\"wp-block-spacer\"><\/div>\n\n\n\n<h4 class=\"wp-block-heading\">Apple- und iPhone-Kalender<\/h4>\n\n\n\n<ol class=\"wp-block-list\">\n<li>Klicke auf den Link <a href=\"webcal:\/\/studentenphilharmonie.de\/?post_type=tribe_events&amp;tribe-bar-date=2026-04-27&amp;ical=1&amp;eventDisplay=list\">iCalendar<\/a>. <\/li>\n<\/ol>\n\n\n<div class=\"wp-block-image\">\n<figure class=\"aligncenter size-large is-resized\"><a href=\"webcal:\/\/studentenphilharmonie.de\/?post_type=tribe_events&amp;tribe-bar-date=2026-04-27&amp;ical=1&amp;eventDisplay=list\"><img loading=\"lazy\" decoding=\"async\" width=\"576\" height=\"1024\" src=\"https:\/\/studentenphilharmonie.de\/wp-content\/uploads\/2023\/09\/iPhone-Cal01-576x1024.png\" alt=\"\" class=\"wp-image-1895\" style=\"object-fit:cover;width:400px;height:754px\" srcset=\"https:\/\/studentenphilharmonie.de\/wp-content\/uploads\/2023\/09\/iPhone-Cal01-576x1024.png 576w, https:\/\/studentenphilharmonie.de\/wp-content\/uploads\/2023\/09\/iPhone-Cal01-169x300.png 169w, https:\/\/studentenphilharmonie.de\/wp-content\/uploads\/2023\/09\/iPhone-Cal01.png 750w\" sizes=\"auto, (max-width: 576px) 100vw, 576px\" \/><\/a><\/figure>\n<\/div>\n\n\n<ol start=\"2\" class=\"wp-block-list\">\n<li>Klicke auf Abonnieren.<\/li>\n<\/ol>\n\n\n<div class=\"wp-block-image\">\n<figure class=\"aligncenter size-large is-resized\"><img loading=\"lazy\" decoding=\"async\" width=\"576\" height=\"1024\" src=\"https:\/\/studentenphilharmonie.de\/wp-content\/uploads\/2023\/09\/iPhone-Cal02-576x1024.png\" alt=\"\" class=\"wp-image-1896\" style=\"object-fit:cover;width:400px;height:683px\" srcset=\"https:\/\/studentenphilharmonie.de\/wp-content\/uploads\/2023\/09\/iPhone-Cal02-576x1024.png 576w, https:\/\/studentenphilharmonie.de\/wp-content\/uploads\/2023\/09\/iPhone-Cal02-169x300.png 169w, https:\/\/studentenphilharmonie.de\/wp-content\/uploads\/2023\/09\/iPhone-Cal02.png 750w\" sizes=\"auto, (max-width: 576px) 100vw, 576px\" \/><\/figure>\n<\/div>\n\n\n<ol start=\"3\" class=\"wp-block-list\">\n<li>Klicke auf Hinzuf\u00fcgen.<\/li>\n<\/ol>\n\n\n<div class=\"wp-block-image\">\n<figure class=\"aligncenter size-large is-resized\"><img loading=\"lazy\" decoding=\"async\" width=\"576\" height=\"1024\" src=\"https:\/\/studentenphilharmonie.de\/wp-content\/uploads\/2023\/09\/iPhone-Cal03-576x1024.png\" alt=\"\" class=\"wp-image-1891\" style=\"width:400px;height:undefinedpx\" srcset=\"https:\/\/studentenphilharmonie.de\/wp-content\/uploads\/2023\/09\/iPhone-Cal03-576x1024.png 576w, https:\/\/studentenphilharmonie.de\/wp-content\/uploads\/2023\/09\/iPhone-Cal03-169x300.png 169w, https:\/\/studentenphilharmonie.de\/wp-content\/uploads\/2023\/09\/iPhone-Cal03.png 750w\" sizes=\"auto, (max-width: 576px) 100vw, 576px\" \/><\/figure>\n<\/div><\/details>\n<\/div><\/div>\n\n\n\n<div class=\"wp-block-group\"><div class=\"wp-block-group__inner-container is-layout-constrained wp-block-group-is-layout-constrained\">\n<h2 class=\"wp-block-heading\" id=\"termindetails\">Termine im Sommersemester 2026 <\/h2>\n\n\n\n<div class=\"wp-block-group\"><div class=\"wp-block-group__inner-container is-layout-constrained wp-block-group-is-layout-constrained\">\n<h3 class=\"wp-block-heading\"><strong>Kennenlernprobe<\/strong>:<\/h3>\n\n\n\n<p><strong>Freitag, 17.04.2026, 18:00 Uhr bis 21:00 Uhr <strong>im Festsaal der Neuen Aula<\/strong><\/strong><\/p>\n\n\n\n<ul class=\"wp-block-list\">\n<li>18:00 Uhr bis 18:30 Uhr: Tutti: Mascagni<\/li>\n\n\n\n<li>18:30 Uhr bis 19:00 Uhr: Tutti: Svidridis<\/li>\n\n\n\n<li>19:00 Uhr bis 19:30 Uhr: Brahms Klavierkonzert 1, Satz 1 (Trompeten)<\/li>\n\n\n\n<li>19:30 Uhr bis 19:45 Uhr: Pause<\/li>\n\n\n\n<li>19:45 Uhr bis 20:15 Uhr: Brahms Klavierkonzert 1, Satz 3 (Trompeten)<\/li>\n\n\n\n<li>20:15 Uhr bis 21:00 Uhr: Brahms Klavierkonzert 1, Satz 2 (H\u00f6rner, Holz und Streicher)<\/li>\n<\/ul>\n<\/div><\/div>\n\n\n\n<div class=\"wp-block-group\"><div class=\"wp-block-group__inner-container is-layout-constrained wp-block-group-is-layout-constrained\">\n<h3 class=\"wp-block-heading\"><strong>1. Probenwochenende:<\/strong><\/h3>\n\n\n\n<p><strong>Samstag, 18.04.2026, 10:00 Uhr bis 18:00 Uhr <strong>im Festsaal der Neuen Aula<\/strong><\/strong><\/p>\n\n\n\n<ul class=\"wp-block-list\">\n<li>10:00 Uhr bis 13:30 Uhr: Brahms Klavierkonzert 2: Tutti<\/li>\n\n\n\n<li>15:00 Uhr bis 18:00 Uhr: Registerproben (Aufteilung wird vor Ort bekannt gegeben)<\/li>\n<\/ul>\n\n\n\n<p><strong>Sonntag, 19.04.2026, 10:00 Uhr bis 18:00 Uhr im Festsaal der Neuen Aula<\/strong><\/p>\n\n\n\n<ul class=\"wp-block-list\">\n<li>Tutti: Brahms Klavierkonzert 1, Klavierkonzert 2, Mascagni, Svidridis<\/li>\n<\/ul>\n\n\n\n<hr class=\"wp-block-separator has-alpha-channel-opacity\"\/>\n<\/div><\/div>\n\n\n\n<div class=\"wp-block-group\"><div class=\"wp-block-group__inner-container is-layout-constrained wp-block-group-is-layout-constrained\">\n<h3 class=\"wp-block-heading\"><strong>2. Probenwochenende:<\/strong><\/h3>\n\n\n\n<p><strong><strong>Samstag, <\/strong>02.05.2026, 10:00 Uhr bis 18:00 Uhr im Festsaal der Neuen Aula<\/strong><\/p>\n\n\n\n<ul class=\"wp-block-list\">\n<li>Details folgen<\/li>\n<\/ul>\n\n\n\n<p><strong><strong>Sonntag, <\/strong>03.05.2026, 10:00 Uhr bis 18:00 Uhr<strong> im Festsaal <\/strong>der Neuen Aula<\/strong><\/p>\n\n\n\n<ul class=\"wp-block-list\">\n<li>Details folgen<\/li>\n<\/ul>\n\n\n\n<hr class=\"wp-block-separator has-alpha-channel-opacity\"\/>\n<\/div><\/div>\n\n\n\n<div class=\"wp-block-group\"><div class=\"wp-block-group__inner-container is-layout-constrained wp-block-group-is-layout-constrained\">\n<h3 class=\"wp-block-heading\"><strong>3. Probenwochenende:<\/strong><\/h3>\n\n\n\n<p><strong><strong>Samstag, <\/strong>13.06.2026, 10:00 Uhr<strong> bis<\/strong> 18:00 Uhr im Festsaal der Neuen Aula<\/strong><\/p>\n\n\n\n<ul class=\"wp-block-list\">\n<li>Details folgen<\/li>\n<\/ul>\n\n\n\n<p><strong><strong>Sonntag, <\/strong>14.06.2026, 10:00 Uhr<strong> bis<\/strong> 18:00 Uhr im Festsaal der Neuen Aula<\/strong><\/p>\n\n\n\n<ul class=\"wp-block-list\">\n<li>Details folgen<\/li>\n<\/ul>\n\n\n\n<hr class=\"wp-block-separator has-alpha-channel-opacity\"\/>\n<\/div><\/div>\n\n\n\n<div class=\"wp-block-group\"><div class=\"wp-block-group__inner-container is-layout-constrained wp-block-group-is-layout-constrained\">\n<h3 class=\"wp-block-heading\"><strong>4. Probenwochenende:<\/strong><\/h3>\n\n\n\n<p><strong>Samstag, 04.07.2026, <strong>10:00 Uhr bis 18:00 Uhr <strong>im Festsaal der Neuen Aula<\/strong><\/strong><\/strong><\/p>\n\n\n\n<ul class=\"wp-block-list\">\n<li>Details folgen<\/li>\n<\/ul>\n\n\n\n<p><strong>Sonntag, 05.07.2026, <strong>10:00 Uhr bis 18:00 Uhr <strong>im Festsaal der Neuen Aula<\/strong><\/strong><\/strong><\/p>\n\n\n\n<ul class=\"wp-block-list\">\n<li>Details folgen<\/li>\n<\/ul>\n\n\n\n<hr class=\"wp-block-separator has-alpha-channel-opacity\"\/>\n<\/div><\/div>\n\n\n\n<div class=\"wp-block-group\"><div class=\"wp-block-group__inner-container is-layout-constrained wp-block-group-is-layout-constrained\">\n<h3 class=\"wp-block-heading\"><strong>Generalprobe:<\/strong><\/h3>\n\n\n\n<p><strong><strong>Mittwoch, <\/strong>08.07.2026, 18:00 Uhr bis 21:00 Uhr in der Neuen Aula<\/strong><\/p>\n\n\n\n<ul class=\"wp-block-list\">\n<li>Details folgen<\/li>\n<\/ul>\n\n\n\n<hr class=\"wp-block-separator has-alpha-channel-opacity\"\/>\n<\/div><\/div>\n\n\n\n<div class=\"wp-block-group\"><div class=\"wp-block-group__inner-container is-layout-constrained wp-block-group-is-layout-constrained\">\n<h3 class=\"wp-block-heading\"><strong>Konzerte:<\/strong><\/h3>\n\n\n\n<p><strong>Donnerstag, 09.07.2026, 20:00 Uhr<\/strong><br>Ort: T\u00fcbingen, Festsaal der Neuen Aula&nbsp;<\/p>\n\n\n\n<div class=\"wp-block-buttons is-layout-flex wp-block-buttons-is-layout-flex\">\n<div class=\"wp-block-button\"><a class=\"wp-block-button__link wp-element-button\" href=\"https:\/\/tickets.studentenphilharmonie.de\/\">Tickets<\/a><\/div>\n<\/div>\n\n\n\n<p><strong>Freitag, 10.07.2026, 19:30 Uhr<\/strong><br>Ort: tbd<br>Tickets: Eintritt frei, Spende erw\u00fcnscht<\/p>\n\n\n\n<hr class=\"wp-block-separator has-alpha-channel-opacity\"\/>\n<\/div><\/div>\n<\/div><\/div>\n\n\n\n<div class=\"wp-block-group orchestra-dates\"><div class=\"wp-block-group__inner-container is-layout-constrained wp-block-group-is-layout-constrained\">\n<h2 class=\"wp-block-heading\">Termine der Studentenorchester in T\u00fcbingen<\/h2>\n\n\n\n<div class=\"wp-block-buttons is-layout-flex wp-block-buttons-is-layout-flex\">\n<div class=\"wp-block-button\"><a class=\"wp-block-button__link wp-element-button\" href=\"https:\/\/studentenorchester-tuebingen.de\/\" target=\"_blank\" rel=\"noreferrer noopener\">Termin\u00fcbersicht<\/a><\/div>\n<\/div>\n\n\n\n<div style=\"height:40px\" aria-hidden=\"true\" class=\"wp-block-spacer\"><\/div>\n\n\n\n<hr class=\"wp-block-separator has-alpha-channel-opacity\"\/>\n<\/div><\/div>\n\n\n\n<div class=\"wp-block-group\"><div class=\"wp-block-group__inner-container is-layout-constrained wp-block-group-is-layout-constrained\">\n<h2 class=\"wp-block-heading d-none\" id=\"termindetails\">Termine im Wintersemester 2026\/2027<\/h2>\n\n\n\n<div class=\"wp-block-group\"><div class=\"wp-block-group__inner-container is-layout-constrained wp-block-group-is-layout-constrained\">\n<h3 class=\"wp-block-heading\"><strong>Kennenlernprobe<\/strong>:<\/h3>\n\n\n\n<p><strong>Freitag, 23.10.2026, 18:00 Uhr bis 21:00 Uhr <strong>im Festsaal der Neuen Aula<\/strong><\/strong><\/p>\n\n\n\n<ul class=\"wp-block-list\">\n<li>Details folgen<\/li>\n<\/ul>\n<\/div><\/div>\n\n\n\n<div class=\"wp-block-group\"><div class=\"wp-block-group__inner-container is-layout-constrained wp-block-group-is-layout-constrained\">\n<h3 class=\"wp-block-heading\"><strong>1. Probenwochenende:<\/strong><\/h3>\n\n\n\n<p><strong>Samstag, 24.10.2026, 10:00 Uhr bis 18:00 Uhr <strong>im Festsaal der Neuen Aula<\/strong><\/strong><\/p>\n\n\n\n<ul class=\"wp-block-list\">\n<li>Details folgen<\/li>\n<\/ul>\n\n\n\n<p><strong>Sonntag, 25.10.2026, <strong>10:00 Uhr bis 18:00 Uhr<\/strong><\/strong> <strong>im Festsaal der Neuen Aula<\/strong><\/p>\n\n\n\n<ul class=\"wp-block-list\">\n<li>Details folgen<\/li>\n<\/ul>\n\n\n\n<hr class=\"wp-block-separator has-alpha-channel-opacity\"\/>\n<\/div><\/div>\n\n\n\n<div class=\"wp-block-group\"><div class=\"wp-block-group__inner-container is-layout-constrained wp-block-group-is-layout-constrained\">\n<h3 class=\"wp-block-heading\"><strong>2. Probenwochenende:<\/strong><\/h3>\n\n\n\n<p><strong><strong>Samstag, <\/strong>28.11.2026, 10:00 Uhr bis 18:00 Uhr in der Neuen Aula<\/strong><\/p>\n\n\n\n<ul class=\"wp-block-list\">\n<li>Details folgen<\/li>\n<\/ul>\n\n\n\n<p><strong><strong>Sonntag, <\/strong>29.11.2026, <strong><strong>10:00 Uhr bis 18:00 Uhr<\/strong><\/strong><\/strong> <strong><strong>im Festsaal <\/strong>der Neuen Aula<\/strong><\/p>\n\n\n\n<ul class=\"wp-block-list\">\n<li>Details folgen<\/li>\n<\/ul>\n\n\n\n<hr class=\"wp-block-separator has-alpha-channel-opacity\"\/>\n<\/div><\/div>\n\n\n\n<div class=\"wp-block-group\"><div class=\"wp-block-group__inner-container is-layout-constrained wp-block-group-is-layout-constrained\">\n<h3 class=\"wp-block-heading\"><strong>3. Probenwochenende:<\/strong><\/h3>\n\n\n\n<p><strong><strong>Samstag, <\/strong>05.12.2026, 10:00 Uhr bis 18:00 Uhr in der Neuen Aula<\/strong><\/p>\n\n\n\n<ul class=\"wp-block-list\">\n<li>Details folgen<\/li>\n<\/ul>\n\n\n\n<p><strong><strong>Sonntag, <\/strong>06.12.2026, <strong><strong>10:00 Uhr bis 18:00 Uhr<\/strong><\/strong><\/strong> <strong><strong>im Festsaal <\/strong>der Neuen Aula<\/strong><\/p>\n\n\n\n<ul class=\"wp-block-list\">\n<li>Details folgen<\/li>\n<\/ul>\n\n\n\n<hr class=\"wp-block-separator has-alpha-channel-opacity\"\/>\n<\/div><\/div>\n\n\n\n<div class=\"wp-block-group\"><div class=\"wp-block-group__inner-container is-layout-constrained wp-block-group-is-layout-constrained\">\n<h3 class=\"wp-block-heading\"><strong>4. Probenwochenende:<\/strong><\/h3>\n\n\n\n<p><strong>Samstag, 16.01.2027, <strong>10:00 Uhr bis 18:00 Uhr <strong>im Festsaal der Neuen Aula<\/strong><\/strong><\/strong><\/p>\n\n\n\n<ul class=\"wp-block-list\">\n<li>Details folgen<\/li>\n<\/ul>\n\n\n\n<p><strong>Sonntag, 17.01.2027, <strong>10:00 Uhr bis 18:00 Uhr <strong>im Festsaal der Neuen Aula<\/strong><\/strong><\/strong><\/p>\n\n\n\n<ul class=\"wp-block-list\">\n<li>Details folgen<\/li>\n<\/ul>\n\n\n\n<hr class=\"wp-block-separator has-alpha-channel-opacity\"\/>\n<\/div><\/div>\n\n\n\n<div class=\"wp-block-group\"><div class=\"wp-block-group__inner-container is-layout-constrained wp-block-group-is-layout-constrained\">\n<h3 class=\"wp-block-heading\"><strong>Generalprobe:<\/strong><\/h3>\n\n\n\n<p><strong><strong>Mittwoch, <\/strong>20.01.2027, 18:00 Uhr bis 21:00 Uhr in der Neuen Aula<\/strong><\/p>\n\n\n\n<ul class=\"wp-block-list\">\n<li>Details folgen<\/li>\n<\/ul>\n\n\n\n<hr class=\"wp-block-separator has-alpha-channel-opacity\"\/>\n<\/div><\/div>\n\n\n\n<div class=\"wp-block-group\"><div class=\"wp-block-group__inner-container is-layout-constrained wp-block-group-is-layout-constrained\">\n<h3 class=\"wp-block-heading\"><strong>Konzerte:<\/strong><\/h3>\n\n\n\n<p><strong>Donnerstag, 21.01.2027, 20:00 Uhr<\/strong><br>Ort: T\u00fcbingen, Festsaal der Neuen Aula&nbsp;<\/p>\n\n\n\n<div class=\"wp-block-buttons is-layout-flex wp-block-buttons-is-layout-flex\">\n<div class=\"wp-block-button\"><a class=\"wp-block-button__link wp-element-button\" href=\"https:\/\/tickets.studentenphilharmonie.de\/\">Tickets<\/a><\/div>\n<\/div>\n\n\n\n<p><strong>Freitag, 22.01.2027, 19:30 Uhr<\/strong><br>Ort: Tbd<br>Tickets: Eintritt frei, Spende erw\u00fcnscht<\/p>\n\n\n\n<hr class=\"wp-block-separator has-alpha-channel-opacity\"\/>\n<\/div><\/div>\n<\/div><\/div>\n\n\n\n<p><\/p>\n\n\n\n<div class=\"wp-block-group d-none\"><div class=\"wp-block-group__inner-container is-layout-constrained wp-block-group-is-layout-constrained\">\n<h2 class=\"wp-block-heading d-none\" id=\"termindetails\">Termine im Zsemester 20xx\/20yy<\/h2>\n\n\n\n<div class=\"wp-block-group\"><div class=\"wp-block-group__inner-container is-layout-constrained wp-block-group-is-layout-constrained\">\n<h3 class=\"wp-block-heading\"><strong>Kennenlernprobe<\/strong>:<\/h3>\n\n\n\n<p><strong>Freitag, 10.05.2024, 18:00 Uhr bis 21:00 Uhr <strong>im Festsaal der Neuen Aula<\/strong><\/strong><\/p>\n\n\n\n<ul class=\"wp-block-list\">\n<li>Details folgen<\/li>\n<\/ul>\n<\/div><\/div>\n\n\n\n<div class=\"wp-block-group\"><div class=\"wp-block-group__inner-container is-layout-constrained wp-block-group-is-layout-constrained\">\n<h3 class=\"wp-block-heading\"><strong>1. Probenwochenende:<\/strong><\/h3>\n\n\n\n<p><strong>Samstag, 11.05.2024, 10:00 Uhr bis 18:00 Uhr <strong>im Festsaal der Neuen Aula<\/strong><\/strong><\/p>\n\n\n\n<ul class=\"wp-block-list\">\n<li>Details folgen<\/li>\n<\/ul>\n\n\n\n<p><strong>Sonntag, 12.05.2024, <mark style=\"background-color:rgba(0, 0, 0, 0)\" class=\"has-inline-color has-vivid-red-color\">9:30 Uhr bis 17:30 Uhr<\/mark> im Festsaal der Neuen Aula<\/strong><\/p>\n\n\n\n<ul class=\"wp-block-list\">\n<li>Details folgen<\/li>\n<\/ul>\n\n\n\n<hr class=\"wp-block-separator has-alpha-channel-opacity\"\/>\n<\/div><\/div>\n\n\n\n<div class=\"wp-block-group\"><div class=\"wp-block-group__inner-container is-layout-constrained wp-block-group-is-layout-constrained\">\n<h3 class=\"wp-block-heading\"><strong>2. Probenwochenende:<\/strong><\/h3>\n\n\n\n<p><strong><strong>Samstag, <\/strong>25.05.2024, 10:00 Uhr bis 18:00 Uhr in der Neuen Aula<\/strong><\/p>\n\n\n\n<ul class=\"wp-block-list\">\n<li>Details folgen<\/li>\n<\/ul>\n\n\n\n<p><strong><strong>Sonntag, <\/strong>26.05.2024, <strong><mark style=\"background-color:rgba(0, 0, 0, 0)\" class=\"has-inline-color has-vivid-red-color\">9:30 Uhr bis 17:30 Uhr<\/mark> im Festsaal <\/strong>der Neuen Aula<\/strong><\/p>\n\n\n\n<ul class=\"wp-block-list\">\n<li>Details folgen<\/li>\n<\/ul>\n\n\n\n<hr class=\"wp-block-separator has-alpha-channel-opacity\"\/>\n<\/div><\/div>\n\n\n\n<div class=\"wp-block-group\"><div class=\"wp-block-group__inner-container is-layout-constrained wp-block-group-is-layout-constrained\">\n<h3 class=\"wp-block-heading\"><strong>3. Probenwochenende:<\/strong><\/h3>\n\n\n\n<p><strong><strong>Freitag, <\/strong>07.06.2024, 18:00 Uhr<strong> bis<\/strong><\/strong> <strong><strong>Sonntag, <\/strong>09.06.2024, 18:00 Uhr<strong><strong> in der Jugendherberge Sigmaringen<\/strong><\/strong><\/strong><\/p>\n\n\n\n<ul class=\"wp-block-list\">\n<li>Details folgen<\/li>\n<\/ul>\n\n\n\n<hr class=\"wp-block-separator has-alpha-channel-opacity\"\/>\n<\/div><\/div>\n\n\n\n<div class=\"wp-block-group\"><div class=\"wp-block-group__inner-container is-layout-constrained wp-block-group-is-layout-constrained\">\n<h3 class=\"wp-block-heading\"><strong>4. Probenwochenende:<\/strong><\/h3>\n\n\n\n<p><strong>Samstag, 29.06.2024, <strong>10:00 Uhr bis 18:00 Uhr <strong>im Festsaal der Neuen Aula<\/strong><\/strong><\/strong><\/p>\n\n\n\n<ul class=\"wp-block-list\">\n<li>Details folgen<\/li>\n<\/ul>\n\n\n\n<p><strong>Sonntag, 30.06.2024, <strong>10:00 Uhr bis 18:00 Uhr <strong>im Festsaal der Neuen Aula<\/strong><\/strong><\/strong><\/p>\n\n\n\n<ul class=\"wp-block-list\">\n<li>Details folgen<\/li>\n<\/ul>\n\n\n\n<hr class=\"wp-block-separator has-alpha-channel-opacity\"\/>\n<\/div><\/div>\n\n\n\n<div class=\"wp-block-group\"><div class=\"wp-block-group__inner-container is-layout-constrained wp-block-group-is-layout-constrained\">\n<h3 class=\"wp-block-heading\"><strong>Generalprobe:<\/strong><\/h3>\n\n\n\n<p><strong><strong>Mittwoch, <\/strong>16.07.2025, ??:00 Uhr bis ??:00 Uhr in der Neuen Aula<\/strong><\/p>\n\n\n\n<ul class=\"wp-block-list\">\n<li>Details folgen<\/li>\n<\/ul>\n\n\n\n<hr class=\"wp-block-separator has-alpha-channel-opacity\"\/>\n<\/div><\/div>\n\n\n\n<div class=\"wp-block-group\"><div class=\"wp-block-group__inner-container is-layout-constrained wp-block-group-is-layout-constrained\">\n<h3 class=\"wp-block-heading\"><strong>Konzerte:<\/strong><\/h3>\n\n\n\n<p><strong>Donnerstag, 11.07.2024, 20:00 Uhr<\/strong><br>Ort: T\u00fcbingen, Festsaal der Neuen Aula&nbsp;<\/p>\n\n\n\n<div class=\"wp-block-buttons is-layout-flex wp-block-buttons-is-layout-flex\">\n<div class=\"wp-block-button\"><a class=\"wp-block-button__link wp-element-button\" href=\"https:\/\/tickets.studentenphilharmonie.de\/\">Tickets<\/a><\/div>\n<\/div>\n\n\n\n<p><strong>Freitag, 12.07.2024, ??:?? Uhr<\/strong><br>Ort: Tbd<br>Tickets: Eintritt frei, Spende erw\u00fcnscht<\/p>\n\n\n\n<hr class=\"wp-block-separator has-alpha-channel-opacity\"\/>\n<\/div><\/div>\n<\/div><\/div>\n\n\n\n<div class=\"wp-block-group d-none\"><div class=\"wp-block-group__inner-container is-layout-constrained wp-block-group-is-layout-constrained\">\n<h2 class=\"wp-block-heading\" id=\"termindetails\">Termine im Wintersemester 2025\/2026<\/h2>\n\n\n\n<p>\u00c4nderungen vorbehalten.<\/p>\n\n\n\n<div class=\"wp-block-group\"><div class=\"wp-block-group__inner-container is-layout-constrained wp-block-group-is-layout-constrained\">\n<h3 class=\"wp-block-heading\"><strong>Kennenlernprobe<\/strong>:<\/h3>\n\n\n\n<p><strong>Freitag, 17.10.2025, 18:00 Uhr bis 21:00 Uhr <strong>im Festsaal der Neuen Aula<\/strong><\/strong><\/p>\n\n\n\n<ul class=\"wp-block-list\">\n<li>Tutti: Nocturnes, Valse<\/li>\n<\/ul>\n<\/div><\/div>\n\n\n\n<div class=\"wp-block-group\"><div class=\"wp-block-group__inner-container is-layout-constrained wp-block-group-is-layout-constrained\">\n<h3 class=\"wp-block-heading\"><strong>1. Probenwochenende:<\/strong><\/h3>\n\n\n\n<p><strong>Samstag, 18.10.2025, 10:00 Uhr bis 18:00 Uhr <strong>im Festsaal der Neuen Aula<\/strong><\/strong><\/p>\n\n\n\n<ul class=\"wp-block-list\">\n<li>10:00 Uhr bis 13:30 Uhr: Registerproben\n<ul class=\"wp-block-list\">\n<li>Blech, Schlagwerk mit Matthias (Audimax)<\/li>\n\n\n\n<li>Violine 1 mit Anna (Festsaal)<\/li>\n\n\n\n<li>Violine 2 mit Symeon (HS 9)<\/li>\n\n\n\n<li>Celli\/Bass (HS 2)<\/li>\n\n\n\n<li>Holz mit Peter (HS 8)\n<ul class=\"wp-block-list\">\n<li>10:00 Uhr bis 10:30 Uhr: Stimmprobe <\/li>\n\n\n\n<li>10:30 Uhr bis 11:30 Uhr: Bolero<\/li>\n\n\n\n<li>11:30 Uhr bis 13:30 Uhr: Nocturnes <\/li>\n<\/ul>\n<\/li>\n<\/ul>\n<\/li>\n\n\n\n<li>15:00 Uhr bis 18:00 Uhr: Registerproben\n<ul class=\"wp-block-list\">\n<li>Blech, Schlagwerk mit Matthias (Audimax)<\/li>\n\n\n\n<li>Violine 1 mit Anna (Festsaal)<\/li>\n\n\n\n<li>Violine 2 mit Symeon (HS 9)<\/li>\n\n\n\n<li>Celli\/Bass (HS 2)<\/li>\n\n\n\n<li>Holz mit Peter (HS 8)\n<ul class=\"wp-block-list\">\n<li>15:00 Uhr bis 17:00 Uhr: Valse<\/li>\n\n\n\n<li>17:00 bis 18:00 Prelude<\/li>\n<\/ul>\n<\/li>\n<\/ul>\n<\/li>\n<\/ul>\n\n\n\n<p><strong>Sonntag, 19.10.2025, <strong>10:00 Uhr bis 18:00 Uhr<\/strong> im Festsaal der Neuen Aula<\/strong><\/p>\n\n\n\n<ul class=\"wp-block-list\">\n<li>10:00 Uhr bis 13:00 Uhr: Registerproben \n<ul class=\"wp-block-list\">\n<li>Violine 1 &amp; 2 + Harfe mit Anna (Festsaal)<\/li>\n\n\n\n<li>Blech mit Symeon (Audimax)<\/li>\n\n\n\n<li>Celli\/Bass (HS 2)<\/li>\n\n\n\n<li>Holz mit Peter (HS 8)\n<ul class=\"wp-block-list\">\n<li>10:00 Uhr bis 11:30 Uhr: Saint-Saens <\/li>\n\n\n\n<li>11:30 Uhr bis 13:00 Uhr: Nocturnes<\/li>\n<\/ul>\n<\/li>\n<\/ul>\n<\/li>\n\n\n\n<li>14:30 Uhr bis 18:00 Uhr: Tutti (Festsaal)\n<ul class=\"wp-block-list\">\n<li>14:30 Uhr bis 15:30 Uhr: Bolero<\/li>\n\n\n\n<li>15:30 Uhr bis 16:30 Uhr: Prelude<\/li>\n\n\n\n<li>16:45 Uhr bis 18:00 Uhr: Saint Saens<\/li>\n<\/ul>\n<\/li>\n<\/ul>\n\n\n\n<hr class=\"wp-block-separator has-alpha-channel-opacity\"\/>\n<\/div><\/div>\n\n\n\n<div class=\"wp-block-group\"><div class=\"wp-block-group__inner-container is-layout-constrained wp-block-group-is-layout-constrained\">\n<h3 class=\"wp-block-heading\"><strong>2. Probenwochenende:<\/strong><\/h3>\n\n\n\n<p><strong><strong>Samstag, <\/strong>22.11.2025, 10:00 Uhr bis 18:00 Uhr in der Neuen Aula<\/strong><\/p>\n\n\n\n<ul class=\"wp-block-list\">\n<li>10:00 Uhr bis 13:30 Uhr: Tutti (Festsaal)\n<ul class=\"wp-block-list\">\n<li>10:00 Uhr bis 10:45 Uhr: UA<\/li>\n\n\n\n<li>10:45 Uhr bis 12:30 Uhr: Debussy, Nocturnes<\/li>\n\n\n\n<li>12:45 Uhr bis 13:30 Uhr: Ravel, Bolero<\/li>\n<\/ul>\n<\/li>\n\n\n\n<li>15:00 Uhr bis 18:00 Uhr: Registerproben\n<ul class=\"wp-block-list\">\n<li>Blech, Holz, Schlagwerk mit Matthias (Audimax)\n<ul class=\"wp-block-list\">\n<li>15:00 Uhr bis 17:00 Uhr: Debussy, Nocturnes<\/li>\n\n\n\n<li>17:00 Uhr bis 18:00 Uhr: Ravel, Valses<\/li>\n<\/ul>\n<\/li>\n\n\n\n<li>Parallel: 17:00 Uhr bis 18:00 Uhr: Debussy, Prelude mit Harfe (K\u00fcnstlerzimmer)<\/li>\n\n\n\n<li>Streicher nach Bedarf: Violine 1 &amp; 2, Harfe, Viola mit Symeon (Festsaal)<\/li>\n\n\n\n<li>Celli\/Bass (HS 2)<\/li>\n<\/ul>\n<\/li>\n<\/ul>\n\n\n\n<p><strong><strong>Sonntag, <\/strong>23.11.2025, <strong><strong>10:00 Uhr bis 18:00 Uhr <\/strong>im Festsaal <\/strong>der Neuen Aula<\/strong><\/p>\n\n\n\n<ul class=\"wp-block-list\">\n<li>10:00 Uhr bis 13:00 Uhr: Registerproben\n<ul class=\"wp-block-list\">\n<li>Holz, Schlagwerk mit Peter (Audimax)\n<ul class=\"wp-block-list\">\n<li>10:00 Uhr bis 12:00 Uhr: Debussy, Valses<\/li>\n\n\n\n<li>12:00 Uhr bis 13:00 Uhr: nach Bedarf<\/li>\n<\/ul>\n<\/li>\n\n\n\n<li>Blech mit Maria (HS 8)\n<ul class=\"wp-block-list\">\n<li>10:00 Uhr bis 11:00 Uhr: Saint-Saens, Konzert<\/li>\n\n\n\n<li>11:00 Uhr bis 12:00 Uhr: Debussy, Prelude<\/li>\n\n\n\n<li>12:00 Uhr bis 13:00 Uhr: Debussy, Nocturnes, 3. Sirenes<\/li>\n<\/ul>\n<\/li>\n\n\n\n<li>Streicher tutti mit Symeon (Festsaal)<\/li>\n<\/ul>\n<\/li>\n\n\n\n<li>14:30 Uhr bis 18:00 Uhr: Tutti (Festsaal)\n<ul class=\"wp-block-list\">\n<li>14:30 Uhr bis 16:00 Uhr: Ravel, Valses<\/li>\n\n\n\n<li>16:00 Uhr bis 17:00 Uhr: Debussy, Prelude<\/li>\n\n\n\n<li>17:00 Uhr bis 18:00 Uhr: Saint-Saens, Konzert<\/li>\n<\/ul>\n<\/li>\n<\/ul>\n\n\n\n<hr class=\"wp-block-separator has-alpha-channel-opacity\"\/>\n<\/div><\/div>\n\n\n\n<div class=\"wp-block-group\"><div class=\"wp-block-group__inner-container is-layout-constrained wp-block-group-is-layout-constrained\">\n<h3 class=\"wp-block-heading\"><strong>3. Probenwochenende:<\/strong><\/h3>\n\n\n\n<p><strong>Samstag, 06.12.2025, <strong><mark style=\"background-color:rgba(0, 0, 0, 0)\" class=\"has-inline-color has-vivid-red-color\">9:00 Uhr bis 17:00 Uhr <\/mark><strong><mark style=\"background-color:rgba(0, 0, 0, 0)\" class=\"has-inline-color has-vivid-red-color\"><strong><strong><strong><strong>im Festsaal <\/strong>der Neuen Aula<\/strong><\/strong><\/strong><\/mark> <\/strong><\/strong><\/strong><\/p>\n\n\n\n<ul class=\"wp-block-list\">\n<li>09:00 Uhr bis 09:30 Uhr: UA<\/li>\n\n\n\n<li>09:30 Uhr bis 11:30 Uhr: Debussy, Nocturnes<\/li>\n\n\n\n<li>11:30 Uhr bis 12:30 Uhr: Ravel, Bolero<\/li>\n\n\n\n<li>14:00 Uhr bis 16:00 Uhr: Ravel, Valses<\/li>\n\n\n\n<li>16:00 Uhr bis 17:00 Uhr: Debussy, Prelude<\/li>\n<\/ul>\n\n\n\n<p><strong>Sonntag, 07.12.2025, <strong>10:00 Uhr bis 18:00 Uhr <strong><strong><strong><strong><mark style=\"background-color:rgba(0, 0, 0, 0)\" class=\"has-inline-color has-vivid-red-color\"><strong><strong>im Festsaal <\/strong>der Neuen Aula<\/strong><\/mark> <\/strong><\/strong><\/strong><\/strong><\/strong><\/strong><\/p>\n\n\n\n<ul class=\"wp-block-list\">\n<li>10:00 Uhr bis 12:00 Uhr: Ravel, Valses<\/li>\n\n\n\n<li>12:00 Uhr bis 13:00 Uhr: Debussy, Nocturnes<\/li>\n\n\n\n<li>14:30 Uhr bis 15:00 Uhr: UA<\/li>\n\n\n\n<li>15:00 Uhr bis 17:00 Uhr: Saint-Saens, Cellokonzert mit Solist<\/li>\n\n\n\n<li>17:00 Uhr bis 18:00 Uhr: Debussy, Prelude<\/li>\n<\/ul>\n\n\n\n<hr class=\"wp-block-separator has-alpha-channel-opacity\"\/>\n<\/div><\/div>\n\n\n\n<div class=\"wp-block-group\"><div class=\"wp-block-group__inner-container is-layout-constrained wp-block-group-is-layout-constrained\">\n<h3 class=\"wp-block-heading\"><strong>4. Probenwochenende:<\/strong><\/h3>\n\n\n\n<p><strong>Samstag, 17.01.2026, <strong>10:00 Uhr bis 18:00 Uhr <strong>im Festsaal der Neuen Aula<\/strong><\/strong><\/strong><\/p>\n\n\n\n<ul class=\"wp-block-list\">\n<li>10:00 Uhr bis 10:45 Uhr: UA<\/li>\n\n\n\n<li>10:45 Uhr bis 12:30 Uhr: Ravel, Bolero<\/li>\n\n\n\n<li>12:30 Uhr bis 13:30 Uhr: Debussy, Prelude<\/li>\n\n\n\n<li>15:00 Uhr bis 16:30 Uhr: Debussy, Nocturnes <\/li>\n\n\n\n<li>16:30 Uhr bis 18:00 Uhr: Saint-Saens, Cellokonzert <\/li>\n<\/ul>\n\n\n\n<p><strong>Sonntag, 18.01.2026, <strong>10:00 Uhr bis 18:00 Uhr <strong>im Festsaal der Neuen Aula<\/strong><\/strong><\/strong><\/p>\n\n\n\n<ul class=\"wp-block-list\">\n<li>10:00 Uhr bis 10:30 Uhr: UA<\/li>\n\n\n\n<li>10:30 Uhr bis 11:30 Uhr: Debussy, Prelude <\/li>\n\n\n\n<li>11:30 Uhr bis 13:00 Uhr: Ravel, Valses<\/li>\n\n\n\n<li>13:00 Uhr bis 13:30 Uhr: Debussy, Nocturnes<\/li>\n\n\n\n<li>15:00 Uhr bis 16:30 Uhr: Debussy, Nocturnes (mit Chor) <\/li>\n\n\n\n<li>16:30 Uhr bis 18:00 Uhr: Saint-Saens, Cellokonzert <\/li>\n<\/ul>\n\n\n\n<hr class=\"wp-block-separator has-alpha-channel-opacity\"\/>\n<\/div><\/div>\n\n\n\n<div class=\"wp-block-group\"><div class=\"wp-block-group__inner-container is-layout-constrained wp-block-group-is-layout-constrained\">\n<h3 class=\"wp-block-heading\"><strong>Generalprobe:<\/strong><\/h3>\n\n\n\n<p><strong><strong>Mittwoch, <\/strong>21.01.2026, 18:00 Uhr bis 21:00 Uhr in der Neuen Aula<\/strong><\/p>\n\n\n\n<ul class=\"wp-block-list\">\n<li>Nach Ansage<\/li>\n<\/ul>\n\n\n\n<hr class=\"wp-block-separator has-alpha-channel-opacity\"\/>\n<\/div><\/div>\n\n\n\n<div class=\"wp-block-group\"><div class=\"wp-block-group__inner-container is-layout-constrained wp-block-group-is-layout-constrained\">\n<h3 class=\"wp-block-heading\"><strong>Konzerte:<\/strong><\/h3>\n\n\n\n<p><strong>Donnerstag, 22.01.2026, 20:15 Uhr<\/strong><br>Ort: T\u00fcbingen, Festsaal der Neuen Aula&nbsp;<\/p>\n\n\n\n<div class=\"wp-block-buttons is-layout-flex wp-block-buttons-is-layout-flex\">\n<div class=\"wp-block-button\"><a class=\"wp-block-button__link wp-element-button\" href=\"https:\/\/tickets.studentenphilharmonie.de\/\">Tickets<\/a><\/div>\n<\/div>\n\n\n\n<p><strong>Freitag, 23.01.2026, 19:30 Uhr<\/strong><br>Ort: Filderstadt, St. Stephanus, Eugenstra\u00dfe 19<br>Tickets: Eintritt frei, Spende erw\u00fcnscht<\/p>\n\n\n\n<hr class=\"wp-block-separator has-alpha-channel-opacity\"\/>\n<\/div><\/div>\n<\/div><\/div>\n\n\n\n<div class=\"wp-block-group d-none\"><div class=\"wp-block-group__inner-container is-layout-constrained wp-block-group-is-layout-constrained\">\n<h2 class=\"wp-block-heading\" id=\"termindetails\">Termine im Sommersemester 2025<\/h2>\n\n\n\n<div class=\"wp-block-group\"><div class=\"wp-block-group__inner-container is-layout-constrained wp-block-group-is-layout-constrained\">\n<h3 class=\"wp-block-heading\"><strong>Kennenlernprobe<\/strong>:<\/h3>\n\n\n\n<p><strong>Freitag, 25.04.2025, 18:00 Uhr bis 21:00 Uhr <strong>im Festsaal der Neuen Aula<\/strong><\/strong><\/p>\n\n\n\n<ul class=\"wp-block-list\">\n<li>Tutti: Brahms, David und ggf. UA nach Ansage<\/li>\n<\/ul>\n<\/div><\/div>\n\n\n\n<div class=\"wp-block-group\"><div class=\"wp-block-group__inner-container is-layout-constrained wp-block-group-is-layout-constrained\">\n<h3 class=\"wp-block-heading\"><strong>1. Probenwochenende:<\/strong><\/h3>\n\n\n\n<p><strong>Samstag, 26.04.2025, 10:00 Uhr bis 18:00 Uhr <strong>im Festsaal der Neuen Aula<\/strong><\/strong><\/p>\n\n\n\n<ul class=\"wp-block-list\">\n<li>10:00 Uhr bis 18:00 Uhr: Registerproben (Prober\u00e4ume werden vor Ort bekannt gegeben)\n<ul class=\"wp-block-list\">\n<li>Holz mit Peter<\/li>\n\n\n\n<li>Blech, Schlagwerk mit Symeon<\/li>\n\n\n\n<li>Streicher im jeweiligen Register<\/li>\n<\/ul>\n<\/li>\n\n\n\n<li>Dazwischen: Mittagspause<\/li>\n<\/ul>\n\n\n\n<p><strong>Sonntag, 27.04.2025, 10:00 Uhr bis 18:00 Uhr im Festsaal der Neuen Aula<\/strong><\/p>\n\n\n\n<ul class=\"wp-block-list\">\n<li>10:00 Uhr bis 13:00 Uhr: Registerproben (Prober\u00e4ume werden vor Ort bekannt gegeben)\n<ul class=\"wp-block-list\">\n<li>Holz, Blech, Schlagwerk mit Matthias<\/li>\n\n\n\n<li>Streicher mit Symeon <\/li>\n<\/ul>\n<\/li>\n\n\n\n<li>14:30 Uhr bis 18:00 Uhr: Tutti (Festsaal)\n<ul class=\"wp-block-list\">\n<li>14:30 Uhr bis 15:30 Uhr: David<\/li>\n\n\n\n<li>15:30 Uhr bis 16:00 Uhr: UA<\/li>\n\n\n\n<li>16:00 Uhr bis 18:00 Uhr: Brahms<\/li>\n<\/ul>\n<\/li>\n<\/ul>\n\n\n\n<hr class=\"wp-block-separator has-alpha-channel-opacity\"\/>\n<\/div><\/div>\n\n\n\n<div class=\"wp-block-group\"><div class=\"wp-block-group__inner-container is-layout-constrained wp-block-group-is-layout-constrained\">\n<h3 class=\"wp-block-heading\"><strong>2. Probenwochenende:<\/strong><\/h3>\n\n\n\n<p><strong><strong>Samstag, <\/strong>24.05.2025, 10:00 Uhr bis 18:00 Uhr in der Neuen Aula<\/strong><\/p>\n\n\n\n<ul class=\"wp-block-list\">\n<li>10:00 Uhr bis 13:00 Uhr: Registerproben\n<ul class=\"wp-block-list\">\n<li>Streicher mit Symeon (Festsaal)<\/li>\n\n\n\n<li>Blech, Schlagwerk mit Matthias (Audimax)<\/li>\n\n\n\n<li>Holz mit Peter (HS 4)<\/li>\n<\/ul>\n<\/li>\n\n\n\n<li>14:30 Uhr bis 18:00 Uhr: Registerproben\n<ul class=\"wp-block-list\">\n<li>Streicher mit Symeon (Festsaal)<\/li>\n\n\n\n<li>Holz, Blech, Schlagwerk mit Peter (Audimax)<\/li>\n\n\n\n<li>Reihenfolge: Brahms 1.\/4. Satz, Ferdinand, Rossini<\/li>\n<\/ul>\n<\/li>\n<\/ul>\n\n\n\n<p><strong><strong>Sonntag, <\/strong>25.05.2025, <strong><strong>10:00 Uhr bis 18:00 Uhr <\/strong>im Festsaal <\/strong>der Neuen Aula, Tutti<\/strong><\/p>\n\n\n\n<ul class=\"wp-block-list\">\n<li>10:00 Uhr bis 10:30 Uhr: UA<\/li>\n\n\n\n<li>10:30 Uhr bis 12:30 Uhr: Brahms 1.\/4. Satz<\/li>\n\n\n\n<li>12:30 Uhr bis 13:00 Uhr: Griechischer Tanz<\/li>\n\n\n\n<li>14:30 Uhr bis 15:00 Uhr: David<\/li>\n\n\n\n<li>15:00 Uhr bis 16:30 Uhr: Brahms 2.\/3. Satz<\/li>\n\n\n\n<li>16:30 Uhr bis 18:00 Uhr: Rossini<\/li>\n<\/ul>\n\n\n\n<hr class=\"wp-block-separator has-alpha-channel-opacity\"\/>\n<\/div><\/div>\n\n\n\n<div class=\"wp-block-group\"><div class=\"wp-block-group__inner-container is-layout-constrained wp-block-group-is-layout-constrained\">\n<h3 class=\"wp-block-heading\"><strong>3. Probenwochenende:<\/strong><\/h3>\n\n\n\n<p><strong><strong>Samstag, <\/strong>21.06.2025, 10:00 Uhr bis 18:00 Uhr im Festsaal der Neuen Aula, Tutti<\/strong><\/p>\n\n\n\n<ul class=\"wp-block-list\">\n<li>10:00 Uhr bis 13:00 Uhr: Brahms 3<\/li>\n\n\n\n<li>14:30 Uhr bis 15:00 Uhr: Griechischer Tanz<\/li>\n\n\n\n<li>15:00 Uhr bis 15:30 Uhr: UA<\/li>\n\n\n\n<li>15:30 Uhr bis 16:30 Uhr: David<\/li>\n\n\n\n<li>16:45 Uhr bis 18:00 Uhr: Rossini<\/li>\n<\/ul>\n\n\n\n<p><strong><strong>Sonntag, <\/strong>22.06.2025, <strong><strong>10:00 Uhr bis 18:00 Uhr <\/strong>im Festsaal <\/strong>der Neuen Aula, Tutti<\/strong><\/p>\n\n\n\n<ul class=\"wp-block-list\">\n<li>10:00 Uhr bis 10:30 Uhr: David<\/li>\n\n\n\n<li>10:30 Uhr bis 13:00 Uhr: David mit Solist <\/li>\n\n\n\n<li>14:30 Uhr bis 15:00 Uhr: UA<\/li>\n\n\n\n<li>15:00 Uhr bis 18:00 Uhr: Brahms<\/li>\n<\/ul>\n\n\n\n<hr class=\"wp-block-separator has-alpha-channel-opacity\"\/>\n<\/div><\/div>\n\n\n\n<div class=\"wp-block-group\"><div class=\"wp-block-group__inner-container is-layout-constrained wp-block-group-is-layout-constrained\">\n<h3 class=\"wp-block-heading\"><strong>4. Probenwochenende:<\/strong><\/h3>\n\n\n\n<p><strong>Samstag, 05.07.2025, <strong>10:00 Uhr bis 18:00 Uhr <strong>im Festsaal der Neuen Aula, Tutti<\/strong><\/strong><\/strong><\/p>\n\n\n\n<ul class=\"wp-block-list\">\n<li>10:00 Uhr bis 11:00 Uhr: Rossini <\/li>\n\n\n\n<li>11:45 Uhr bis 11:45 Uhr: Brahms, 3. Satz<\/li>\n\n\n\n<li>11:45 Uhr bis 12:30 Uhr: UA<\/li>\n\n\n\n<li>12:30 Uhr bis 13:00 Uhr: Griechischer Tanz<\/li>\n\n\n\n<li>14:30 Uhr bis 16:00 Uhr: Brahms <\/li>\n\n\n\n<li>16:00 Uhr bis 17:00 Uhr: David (mit Solist)<\/li>\n\n\n\n<li>17:00 Uhr bis 18:00 Uhr: Brahms<\/li>\n<\/ul>\n\n\n\n<p><strong>Sonntag, 06.07.2025, <strong>10:00 Uhr bis 18:00 Uhr <strong>im <mark style=\"background-color:rgba(0, 0, 0, 0)\" class=\"has-inline-color has-vivid-red-color\">Pfleghof (Notenst\u00e4nder mitbringen!)<\/mark><\/strong><\/strong><\/strong><\/p>\n\n\n\n<ul class=\"wp-block-list\">\n<li>10:00 Uhr bis 13:00 Uhr: Brahms\n\n<ul class=\"wp-block-list\">\n<li>10:00 Uhr bis 11:00 Uhr: 3. + 2. Satz<\/li>\n\n\n\n<li>11:00 Uhr bis 13:00 Uhr: 1. + 4. Satz<\/li>\n<\/ul>\n<\/li>\n\n\n\n<li>14:30 Uhr bis 16:00 Uhr: Brahms (Durchlauf)<\/li>\n\n\n\n<li>16:15 Uhr bis 16:45 Uhr: UA<\/li>\n\n\n\n<li>16:45 Uhr bis 17:00 Uhr: Griechischer Tanz <\/li>\n\n\n\n<li>17:00 Uhr bis 17:30 Uhr: David<\/li>\n\n\n\n<li>17:30 Uhr bis 18:00 Uhr: Rossini <\/li>\n<\/ul>\n\n\n\n<hr class=\"wp-block-separator has-alpha-channel-opacity\"\/>\n<\/div><\/div>\n\n\n\n<div class=\"wp-block-group\"><div class=\"wp-block-group__inner-container is-layout-constrained wp-block-group-is-layout-constrained\">\n<h3 class=\"wp-block-heading\"><strong>Generalprobe:<\/strong><\/h3>\n\n\n\n<p><strong><strong>Mittwoch, <\/strong>16.07.2025, ??:00 Uhr bis ??:00 Uhr in der Neuen Aula<\/strong><\/p>\n\n\n\n<ul class=\"wp-block-list\">\n<li>Details folgen<\/li>\n<\/ul>\n\n\n\n<hr class=\"wp-block-separator has-alpha-channel-opacity\"\/>\n<\/div><\/div>\n\n\n\n<div class=\"wp-block-group\"><div class=\"wp-block-group__inner-container is-layout-constrained wp-block-group-is-layout-constrained\">\n<h3 class=\"wp-block-heading\"><strong>Konzerte:<\/strong><\/h3>\n\n\n\n<p><strong>Donnerstag, 17.07.2025, 20:15 Uhr<\/strong><br>Ort: T\u00fcbingen, Festsaal der Neuen Aula&nbsp;<\/p>\n\n\n\n<div class=\"wp-block-buttons is-layout-flex wp-block-buttons-is-layout-flex\">\n<div class=\"wp-block-button\"><a class=\"wp-block-button__link wp-element-button\" href=\"https:\/\/tickets.studentenphilharmonie.de\/\">Tickets<\/a><\/div>\n<\/div>\n\n\n\n<p><strong>Freitag, 18.07.2025, 19:30 Uhr<br>Ort: B\u00f6blingen, Stadtkirche, Schlo\u00dfberg 1<\/strong><br>Tickets: Eintritt frei, Spende erw\u00fcnscht<\/p>\n\n\n\n<hr class=\"wp-block-separator has-alpha-channel-opacity\"\/>\n<\/div><\/div>\n<\/div><\/div>\n\n\n\n<h2 class=\"wp-block-heading d-none\" id=\"termindetails\">Termine im Wintersemester 2024\/2025<\/h2>\n\n\n\n<div class=\"wp-block-group d-none\"><div class=\"wp-block-group__inner-container is-layout-constrained wp-block-group-is-layout-constrained\">\n<h3 class=\"wp-block-heading\"><strong>Kennenlernprobe<\/strong>:<\/h3>\n\n\n\n<p><strong>Freitag, 18.10.2024, 18:00 Uhr bis 21:00 Uhr <strong>im Festsaal der Neuen Aula<\/strong><\/strong><\/p>\n\n\n\n<ul class=\"wp-block-list\">\n<li>Tschaikowski: 5. Sinfonie<\/li>\n\n\n\n<li>Tschaikowski: Klavierkonzert Nr. 2<\/li>\n<\/ul>\n<\/div><\/div>\n\n\n\n<div class=\"wp-block-group d-none\"><div class=\"wp-block-group__inner-container is-layout-constrained wp-block-group-is-layout-constrained\">\n<h3 class=\"wp-block-heading\"><strong>1. Probenwochenende:<\/strong><\/h3>\n\n\n\n<p><strong>Samstag, 19.10.2024, 10:00 Uhr bis 18:00 Uhr <strong>im Festsaal der Neuen Aula<\/strong><\/strong><\/p>\n\n\n\n<ul class=\"wp-block-list\">\n<li>10:00 Uhr bis 13:00 Uhr: Tutti, Auswahl Konzertmeisterproben (Festsaal)\n<ul class=\"wp-block-list\">\n<li>10:00 Uhr bis 11:30 Uhr: Tschaikowski, 5. Sinfonie; Wahl\/Gespr\u00e4ch &#8211; 3 x 10 Minuten<\/li>\n\n\n\n<li>12:00 Uhr bis 13:00 Uhr: Tschaikowski, 5. Sinfonie<\/li>\n<\/ul>\n<\/li>\n\n\n\n<li>14:30 Uhr bis 18:00 Uhr: Tutti (Festsaal)\n<ul class=\"wp-block-list\">\n<li>14:30 Uhr bis 16:00 Uhr: Tschaikowski, 5. Sinfonie<\/li>\n\n\n\n<li>16:15 Uhr bis 18:00 Uhr: Tschaikowski, Klavierkonzert Nr. 2<\/li>\n<\/ul>\n<\/li>\n<\/ul>\n\n\n\n<p><strong>Samstag, 19.10.2024, 18:30 Uhr: Get-Together im El Pecado<\/strong><br>Gem\u00fctliches Beisammensitzen f\u00fcrs Kennenlernen, zum register\u00fcbergreifenden Austausch und Spa\u00df haben bei Bier, Burger oder worauf ihr sonst Lust habt.<\/p>\n\n\n\n<p><strong>Sonntag, 20.10.2024, <strong>10:00 Uhr bis 18:00 Uhr <\/strong>im Festsaal der Neuen Aula<\/strong><\/p>\n\n\n\n<ul class=\"wp-block-list\">\n<li>10:00 Uhr bis 13:00 Uhr: Registerproben (Prober\u00e4ume werden vor Ort bekannt gegeben)\n<ul class=\"wp-block-list\">\n<li>Holz mit Peter<\/li>\n\n\n\n<li>Blech, Schlagwerk mit Matthias<\/li>\n\n\n\n<li>Streicher mit Symeon<\/li>\n<\/ul>\n<\/li>\n\n\n\n<li>14:30 Uhr bis 18:00 Uhr: Registerproben (Prober\u00e4ume werden vor Ort bekannt gegeben)\n<ul class=\"wp-block-list\">\n<li>Holz mit Peter<\/li>\n\n\n\n<li>Blech, Schlagwerk mit Matthias<\/li>\n\n\n\n<li>Streicher mit Symeon<\/li>\n<\/ul>\n<\/li>\n<\/ul>\n\n\n\n<hr class=\"wp-block-separator has-alpha-channel-opacity\"\/>\n<\/div><\/div>\n\n\n\n<div class=\"wp-block-group d-none\"><div class=\"wp-block-group__inner-container is-layout-constrained wp-block-group-is-layout-constrained\">\n<h3 class=\"wp-block-heading\"><strong>2. Probenwochenende:<\/strong><\/h3>\n\n\n\n<p><strong><strong>Samstag, <\/strong>30.11.2024, 10:00 Uhr bis 18:00 Uhr <strong>im Festsaal <\/strong>der Neuen Aula<\/strong><\/p>\n\n\n\n<ul class=\"wp-block-list\">\n<li>10:00 Uhr bis 13:00 Uhr: Tutti (Festsaal)\n<ul class=\"wp-block-list\">\n<li>10:00 Uhr bis 11:00 Uhr: Straehler-Pohl, UA<\/li>\n\n\n\n<li>11:00 Uhr bis 13:00 Uhr: Tschaikowski, Klavierkonzert Nr. 2<\/li>\n<\/ul>\n<\/li>\n\n\n\n<li>14:30 Uhr bis 18:00 Uhr: Registerproben\n<ul class=\"wp-block-list\">\n<li>Holz, Blech, Schlagwerk mit Peter, v.a. Klavierkonzert Nr. 2 (Audimax)<\/li>\n\n\n\n<li>Violine 1 &amp; 2, Viola mit Symeon (Festsaal)<\/li>\n\n\n\n<li>Celli\/Bass mit Lars (HS 2)<\/li>\n<\/ul>\n<\/li>\n\n\n\n<li>F\u00fcr 1. Cello, KM, 1. Viola, 1.Violine: \n<ul class=\"wp-block-list\">\n<li>Letzte halbe Stunde: 2-Quartett f\u00fcr Konzert<\/li>\n<\/ul>\n<\/li>\n<\/ul>\n\n\n\n<p><strong><strong>Sonntag, <\/strong>01.12.2024, <strong><strong>10:00 Uhr bis 18:00 Uhr<\/strong><\/strong><\/strong> <strong><strong>im Festsaal <\/strong>der Neuen Aula<\/strong><\/p>\n\n\n\n<ul class=\"wp-block-list\">\n<li>10:00 Uhr bis 13:00 Uhr: Registerproben, Tschaikowski: 5. Sinfonie\n<ul class=\"wp-block-list\">\n<li>Holz, Blech, Schlagwerk mit Peter, v.a. Klavierkonzert Nr. 2 (Audimax)<\/li>\n\n\n\n<li>Violine 1 &amp; 2, Viola mit Symeon (Festsaal)<\/li>\n\n\n\n<li>Celli\/Bass mit Lars (HS 2)<\/li>\n<\/ul>\n<\/li>\n\n\n\n<li>14:00 Uhr bis 18:00 Uhr: Tutti (Festsaal)\n<ul class=\"wp-block-list\">\n<li>14:00 Uhr bis 17:30 Uhr: Tschaikowski, 5. Sinfonie<\/li>\n\n\n\n<li>17:30 Uhr bis 18:00 Uhr: Straehler-Pohl, UA<\/li>\n<\/ul>\n<\/li>\n<\/ul>\n\n\n\n<hr class=\"wp-block-separator has-alpha-channel-opacity\"\/>\n<\/div><\/div>\n\n\n\n<div class=\"wp-block-group d-none\"><div class=\"wp-block-group__inner-container is-layout-constrained wp-block-group-is-layout-constrained\">\n<h3 class=\"wp-block-heading\"><strong>3. Probenwochenende:<\/strong><\/h3>\n\n\n\n<p><strong><strong>Samstag, <\/strong>07.12.2024, <strong><strong>10:00 Uhr bis 18:00 Uhr<\/strong><\/strong><\/strong> <strong><strong>im Festsaal<\/strong> der Neuen Aula<\/strong><\/p>\n\n\n\n<ul class=\"wp-block-list\">\n<li>10:00 Uhr bis 12:00 Uhr: Tschaikowski, Klavierkonzert Nr. 2 <\/li>\n\n\n\n<li>12:00 Uhr bis 13:00 Uhr: UA<\/li>\n\n\n\n<li>14:30 Uhr bis 18:00 Uhr: Tschaikowski, 5. Sinfonie<\/li>\n<\/ul>\n\n\n\n<p><strong><strong>Sonntag, <\/strong>08.12.2024, <strong><strong>10:00 Uhr bis 18:00 Uhr<\/strong><\/strong><\/strong> <strong><strong>im Festsaal <\/strong>der Neuen Aula<\/strong> (kleine \u00c4nderungen vorbehalten)<\/p>\n\n\n\n<ul class=\"wp-block-list\">\n<li>10:00 Uhr bis 12:00 Uhr: Tschaikowski, Klavierkonzert Nr. 2 <\/li>\n\n\n\n<li>12:00 Uhr bis 13:00 Uhr: Tschaikowski, 5. Sinfonie<\/li>\n\n\n\n<li>14:00 Uhr bis 15:00 Uhr: UA<\/li>\n\n\n\n<li>15:00 Uhr bis 18:00 Uhr: Tschaikowski, 5. Sinfonie<\/li>\n<\/ul>\n\n\n\n<hr class=\"wp-block-separator has-alpha-channel-opacity\"\/>\n<\/div><\/div>\n\n\n\n<div class=\"wp-block-group d-none\"><div class=\"wp-block-group__inner-container is-layout-constrained wp-block-group-is-layout-constrained\">\n<h3 class=\"wp-block-heading\"><strong>4. Probenwochenende:<\/strong><\/h3>\n\n\n\n<p><strong>Samstag, 18.01.2025, <strong>10:00 Uhr bis 18:00 Uhr <strong>im Festsaal der Neuen Aula<\/strong><\/strong><\/strong><\/p>\n\n\n\n<ul class=\"wp-block-list\">\n<li>10:00 Uhr bis 12:30 Uhr: Tschaikowski, 5. Sinfonie <\/li>\n\n\n\n<li>12:30 Uhr bis 13:00 Uhr: UA<\/li>\n\n\n\n<li>14:30 Uhr bis 18:00 Uhr: Tschaikowski, Klavierkonzert Nr. 2<\/li>\n<\/ul>\n\n\n\n<p><strong>Sonntag, 19.01.2025, <strong>10:00 Uhr bis 18:00 Uhr<strong> im Festsaal der Neuen Aula<\/strong><\/strong><\/strong><\/p>\n\n\n\n<ul class=\"wp-block-list\">\n<li>10:00 Uhr bis 13:00 Uhr: Tschaikowski, Klavierkonzert Nr. 2<\/li>\n\n\n\n<li>14:00 Uhr bis 15:00 Uhr: UA <\/li>\n\n\n\n<li>15:00 Uhr bis 18:00 Uhr: Tschaikowski, 5. Sinfonie<\/li>\n<\/ul>\n\n\n\n<hr class=\"wp-block-separator has-alpha-channel-opacity\"\/>\n<\/div><\/div>\n\n\n\n<div class=\"wp-block-group d-none\"><div class=\"wp-block-group__inner-container is-layout-constrained wp-block-group-is-layout-constrained\">\n<h3 class=\"wp-block-heading\"><strong>Konzerte:<\/strong><\/h3>\n\n\n\n<p><strong>Freitag, 24.01.2025, 19:30 Uhr<\/strong><br>Ort: Stuttgart, Paul-Gerhardt-Kirche<br>Tickets: Eintritt frei, Spende erw\u00fcnscht<\/p>\n\n\n\n<p><strong>Samstag, 25.01.2025, 20:00 Uhr<\/strong><br>Ort: T\u00fcbingen, Festsaal der Neuen Aula&nbsp;<\/p>\n\n\n\n<div class=\"wp-block-buttons is-layout-flex wp-block-buttons-is-layout-flex\">\n<div class=\"wp-block-button\"><a class=\"wp-block-button__link wp-element-button\" href=\"https:\/\/tickets.studentenphilharmonie.de\/\">Tickets<\/a><\/div>\n<\/div>\n\n\n\n<hr class=\"wp-block-separator has-alpha-channel-opacity\"\/>\n<\/div><\/div>\n\n\n\n<h2 class=\"wp-block-heading d-none\">Termine im Sommersemester 2024<\/h2>\n\n\n\n<div class=\"wp-block-group d-none\"><div class=\"wp-block-group__inner-container is-layout-constrained wp-block-group-is-layout-constrained\">\n<h3 class=\"wp-block-heading\"><strong>Kennenlernprobe<\/strong>:<\/h3>\n\n\n\n<p><strong>Freitag, 10.05.2024, 18:00 Uhr bis 21:00 Uhr <strong>im Festsaal der Neuen Aula<\/strong><\/strong><\/p>\n\n\n\n<ul class=\"wp-block-list\">\n<li>18:00 Uhr bis 20:15 Uhr: Tutti, Dvorak (Othello, erste 30 min; danach 9. Sinfonie)<\/li>\n\n\n\n<li>20:30 Uhr bis 21:00 Uhr: Tutti, UA<\/li>\n<\/ul>\n<\/div><\/div>\n\n\n\n<div class=\"wp-block-group d-none\"><div class=\"wp-block-group__inner-container is-layout-constrained wp-block-group-is-layout-constrained\">\n<h3 class=\"wp-block-heading\"><strong>1. Probenwochenende:<\/strong><\/h3>\n\n\n\n<p><strong>Samstag, 11.05.2024, 10:00 Uhr bis 18:00 Uhr <strong>im Festsaal der Neuen Aula<\/strong><\/strong><\/p>\n\n\n\n<ul class=\"wp-block-list\">\n<li>10:00 Uhr bis 13:00 Uhr: Tutti (Festsaal)\n<ul class=\"wp-block-list\">\n<li>10:00 Uhr bis 11:45 Uhr: Dvorak, 9. Sinfonie<\/li>\n\n\n\n<li>12:00 Uhr bis 13:00 Uhr: Tschaikowski<\/li>\n<\/ul>\n<\/li>\n\n\n\n<li>14:30 Uhr bis 18:00 Uhr: Registerproben (Prober\u00e4ume werden vor Ort bekannt gegeben)\n<ul class=\"wp-block-list\">\n<li>Holz mit Peter<\/li>\n\n\n\n<li>Blech, Schlagwerk mit Matthias<\/li>\n\n\n\n<li>Violinen mit Symeon<\/li>\n\n\n\n<li>Bratschen, Celli und B\u00e4sse mit Max, ggf. Bernhard<\/li>\n<\/ul>\n<\/li>\n<\/ul>\n\n\n\n<p><strong>Sonntag, 12.05.2024, <mark style=\"background-color:rgba(0, 0, 0, 0)\" class=\"has-inline-color has-vivid-red-color\">9:30 Uhr bis 17:30 Uhr<\/mark> im Festsaal der Neuen Aula<\/strong><\/p>\n\n\n\n<ul class=\"wp-block-list\">\n<li>9:30 Uhr bis 12:30 Uhr: Registerproben (Prober\u00e4ume werden vor Ort bekannt gegeben)\n<ul class=\"wp-block-list\">\n<li>Holz, Blech, Schlagwerk mit Peter <\/li>\n\n\n\n<li>Violinen mit Symeon<\/li>\n\n\n\n<li>Bratschen, Celli und B\u00e4sse mit Max, ggf. Bernhard<\/li>\n<\/ul>\n<\/li>\n\n\n\n<li>14:00 Uhr bis 17:30 Uhr: Tutti (Festsaal)\n<ul class=\"wp-block-list\">\n<li>14:00 Uhr bis 14:30 Uhr: UA<\/li>\n\n\n\n<li>14:40 Uhr bis 15:30 Uhr: Tschaikowski<\/li>\n\n\n\n<li>15:45 Uhr bis 17:30 Uhr: Dvorak (Othello, erste 30 min; danach 9. Sinfonie)<\/li>\n<\/ul>\n<\/li>\n<\/ul>\n\n\n\n<hr class=\"wp-block-separator has-alpha-channel-opacity\"\/>\n<\/div><\/div>\n\n\n\n<div class=\"wp-block-group d-none\"><div class=\"wp-block-group__inner-container is-layout-constrained wp-block-group-is-layout-constrained\">\n<h3 class=\"wp-block-heading\"><strong>2. Probenwochenende:<\/strong><\/h3>\n\n\n\n<p><strong><strong>Samstag, <\/strong>25.05.2024, 10:00 Uhr bis 18:00 Uhr in der Neuen Aula<\/strong><\/p>\n\n\n\n<ul class=\"wp-block-list\">\n<li>10:00 Uhr bis 13:00 Uhr: Registerproben (Prober\u00e4ume werden vor Ort bekannt gegeben)\n<ul class=\"wp-block-list\">\n<li>Holz, Blech, Schlagwerk mit Peter <\/li>\n\n\n\n<li>Violinen und Bratschen mit Sebastian<\/li>\n\n\n\n<li>Celli und B\u00e4sse mit Konstantinos<\/li>\n<\/ul>\n<\/li>\n\n\n\n<li>14:45 Uhr bis 18:00 Uhr: Tutti (Festsaal)\n<ul class=\"wp-block-list\">\n<li>14:45 Uhr bis 15:15 Uhr: UA<\/li>\n\n\n\n<li>15:15 Uhr bis 16:15 Uhr: Tschaikowski<\/li>\n\n\n\n<li>16:30 Uhr bis 18:00 Uhr: Dvorak<\/li>\n<\/ul>\n<\/li>\n<\/ul>\n\n\n\n<p><strong><strong>Sonntag, <\/strong>26.05.2024, <strong><mark style=\"background-color:rgba(0, 0, 0, 0)\" class=\"has-inline-color has-vivid-red-color\">9:30 Uhr bis 17:30 Uhr<\/mark> im Festsaal <\/strong>in der Neuen Aula<\/strong><\/p>\n\n\n\n<ul class=\"wp-block-list\">\n<li>9:30 Uhr bis 17:30 Uhr: Tutti (Festsaal)\n<ul class=\"wp-block-list\">\n<li>9:30 Uhr bis 10:45 Uhr: Dvorak, Othello<\/li>\n\n\n\n<li>11:00 Uhr bis 12:30 Uhr: Tschaikowski<\/li>\n\n\n\n<li>13:30 Uhr bis 17:00 Uhr: Dvorak, 9. Sinfonie<\/li>\n\n\n\n<li>17:00 Uhr bis 17:30 Uhr: UA<\/li>\n<\/ul>\n<\/li>\n<\/ul>\n\n\n\n<hr class=\"wp-block-separator has-alpha-channel-opacity\"\/>\n<\/div><\/div>\n\n\n\n<div class=\"wp-block-group d-none\"><div class=\"wp-block-group__inner-container is-layout-constrained wp-block-group-is-layout-constrained\">\n<h3 class=\"wp-block-heading\"><strong>3. Probenwochenende:<\/strong><\/h3>\n\n\n\n<p><strong><strong>Freitag, <\/strong>07.06.2024, 18:00 Uhr<strong> bis<\/strong><\/strong> <strong><strong>Sonntag, <\/strong>09.06.2024, 16:00 Uhr<strong><strong> in der Jugendherberge Sigmaringen<\/strong><\/strong><\/strong><\/p>\n\n\n\n<p><strong><strong>Freitag, <\/strong>07.06.2024:<\/strong><\/p>\n\n\n\n<ul class=\"wp-block-list\">\n<li>18:00 Uhr: Ankunft, Abendessen, Zimmer beziehen<\/li>\n\n\n\n<li>19:30 Uhr bis 20:30 Uhr: Dvorak, Othello<\/li>\n\n\n\n<li>20:30 Uhr bis 21:30 Uhr: Dvorak, 9. Sinfonie<\/li>\n<\/ul>\n\n\n\n<p><strong><strong>Samstag, <\/strong>08.06.2024:<\/strong><\/p>\n\n\n\n<ul class=\"wp-block-list\">\n<li>7:30 Uhr bis 9:00 Uhr: Fr\u00fchst\u00fcck<\/li>\n\n\n\n<li>9:00 Uhr bis 11:00 Uhr: Registerproben (Aufteilung wird vor Ort bekannt gegeben)<\/li>\n\n\n\n<li>11:00 Uhr bis 12:00 Uhr: UA<\/li>\n\n\n\n<li>12:00 Uhr bis 13:00 Uhr: Mittagessen<\/li>\n\n\n\n<li>14:00 Uhr bis 15:00 Uhr: Dvorak, Othello<\/li>\n\n\n\n<li>15:00 Uhr bis 18:00 Uhr: Dvorak, 9. Sinfonie<\/li>\n\n\n\n<li>18:00 Uhr bis 19:00 Uhr: Abendessen<\/li>\n\n\n\n<li>19:00 Uhr bis 20:00 Uhr: Dvorak, 9. Sinfonie<\/li>\n\n\n\n<li>20:00 Uhr bis 21:00 Uhr: Tschaikowski<\/li>\n<\/ul>\n\n\n\n<p><strong><strong>Sonntag, <\/strong>09.06.2024:<\/strong><\/p>\n\n\n\n<ul class=\"wp-block-list\">\n<li>7:30 Uhr bis 9:00 Uhr: Fr\u00fchst\u00fcck und Zimmer r\u00e4umen<\/li>\n\n\n\n<li>9:00 Uhr bis 10:00 Uhr: UA<\/li>\n\n\n\n<li>10:00 Uhr bis 12:00 Uhr: Tschaikowski<\/li>\n\n\n\n<li>12:00 Uhr bis 13:00 Uhr: Mittagessen<\/li>\n\n\n\n<li>13:30 Uhr bis 16:00 Uhr: Dvorak, 9. Sinfonie<\/li>\n<\/ul>\n\n\n\n<hr class=\"wp-block-separator has-alpha-channel-opacity\"\/>\n<\/div><\/div>\n\n\n\n<div class=\"wp-block-group d-none\"><div class=\"wp-block-group__inner-container is-layout-constrained wp-block-group-is-layout-constrained\">\n<h3 class=\"wp-block-heading\"><strong>4. Probenwochenende:<\/strong><\/h3>\n\n\n\n<p><strong>Samstag, 29.06.2024, <strong>10:00 Uhr bis 18:00 Uhr <strong><mark style=\"background-color:rgba(0, 0, 0, 0)\" class=\"has-inline-color has-vivid-red-color\">im Pfleghof (Pfleghofstr. 2)<\/mark><\/strong><\/strong><\/strong><\/p>\n\n\n\n<ul class=\"wp-block-list\">\n<li>10:00 Uhr bis 11:30 Uhr: Dvorak, Othello<\/li>\n\n\n\n<li>11:30 Uhr bis 13:00 Uhr: Dvorak, 9. Sinfonie<\/li>\n\n\n\n<li>14:45 Uhr bis 15:30 Uhr: UA<\/li>\n\n\n\n<li>15:30 Uhr bis 18:00 Uhr: Dvorak, 9. Sinfonie<\/li>\n<\/ul>\n\n\n\n<p><strong>Sonntag, 30.06.2024, <strong>10:00 Uhr bis 18:00 Uhr <strong>im Festsaal der Neuen Aula<\/strong><\/strong><\/strong><\/p>\n\n\n\n<ul class=\"wp-block-list\">\n<li>10:00 Uhr bis 13:00 Uhr: Tschaikowski (mit Solistin)<\/li>\n\n\n\n<li>14:00 Uhr bis 16:00 Uhr: Tschaikowski (mit Solistin)<\/li>\n\n\n\n<li>16:00 Uhr bis 18:00 Uhr: Durchlauf (Othello, Sinfonie, UA)<\/li>\n<\/ul>\n\n\n\n<hr class=\"wp-block-separator has-alpha-channel-opacity\"\/>\n<\/div><\/div>\n\n\n\n<div class=\"wp-block-group d-none\"><div class=\"wp-block-group__inner-container is-layout-constrained wp-block-group-is-layout-constrained\">\n<h3 class=\"wp-block-heading\"><strong>Konzerte:<\/strong><\/h3>\n\n\n\n<p><strong>Donnerstag, 11.07.2024, 20:00 Uhr<\/strong><br>Ort: T\u00fcbingen, Festsaal der Neuen Aula, Geschwister-Scholl-Platz<\/p>\n\n\n\n<div class=\"wp-block-buttons is-layout-flex wp-block-buttons-is-layout-flex\">\n<div class=\"wp-block-button\"><a class=\"wp-block-button__link wp-element-button\" href=\"https:\/\/tickets.studentenphilharmonie.de\/\">Tickets<\/a><\/div>\n<\/div>\n\n\n\n<p><strong>Freitag, 12.07.2024, 19:30 Uhr<\/strong><br>Ort: Metzingen, Stadthalle, Konrad-Adenauer-Platz 1<\/p>\n\n\n\n<div class=\"wp-block-buttons is-layout-flex wp-block-buttons-is-layout-flex\">\n<div class=\"wp-block-button\"><a class=\"wp-block-button__link wp-element-button\" href=\"https:\/\/tickets.studentenphilharmonie.de\/\">Tickets<\/a><\/div>\n<\/div>\n\n\n\n<div class=\"d-none\">\nTickets: Eintritt frei, Spende erw\u00fcnscht\n<\/div>\n\n\n\n<hr class=\"wp-block-separator has-alpha-channel-opacity\"\/>\n<\/div><\/div>\n\n\n\n<h2 class=\"wp-block-heading d-none\">Termine im Wintersemester 2023\/2024<\/h2>\n\n\n\n<div class=\"wp-block-group d-none\"><div class=\"wp-block-group__inner-container is-layout-constrained wp-block-group-is-layout-constrained\">\n<h3 class=\"wp-block-heading\"><strong>Kennenlernprobe<\/strong><\/h3>\n\n\n\n<p><strong>Freitag, 20.10.2023, 18:00 Uhr bis 21:00 Uhr <strong>im Festsaal der Neuen Aula<\/strong><\/strong><\/p>\n<\/div><\/div>\n\n\n\n<div class=\"wp-block-group d-none\"><div class=\"wp-block-group__inner-container is-layout-constrained wp-block-group-is-layout-constrained\">\n<h3 class=\"wp-block-heading\"><strong>1. Probenwochenende:<\/strong><\/h3>\n\n\n\n<p><strong>Samstag, 21.10.2023, 10:00 Uhr bis 18:00 Uhr <strong>im Festsaal der Neuen Aula<\/strong><\/strong><\/p>\n\n\n\n<ul class=\"wp-block-list\">\n<li>10:00 Uhr bis 13:00 Uhr: Registerproben (Prober\u00e4ume werden vor Ort bekannt gegeben)\n<ul class=\"wp-block-list\">\n<li>Holz mit Leslie <\/li>\n\n\n\n<li>Blech, Schlagwerk mit Symeon <\/li>\n\n\n\n<li>Geigen und Bratschen mit Sebastian<\/li>\n\n\n\n<li>Celli und B\u00e4sse ggf. mit Bernhard<\/li>\n<\/ul>\n<\/li>\n\n\n\n<li>14:30 Uhr bis 18:00 Uhr: Registerproben \n<ul class=\"wp-block-list\">\n<li>Holz mit Leslie<\/li>\n\n\n\n<li>Blech, Schlagwerk mit Symeon<\/li>\n\n\n\n<li>Geigen und Bratschen mit Sebastian<\/li>\n\n\n\n<li>Celli und B\u00e4sse ggf. mit Bernhard<\/li>\n<\/ul>\n<\/li>\n<\/ul>\n\n\n\n<p><strong>Sonntag, 22.10.2023, 10:00 Uhr bis 18:00 Uhr im Festsaal der Neuen Aula<\/strong><\/p>\n\n\n\n<ul class=\"wp-block-list\">\n<li>10:00 Uhr bis 13:00 Uhr: Tutti (Festsaal)<\/li>\n\n\n\n<li>14:30 Uhr bis 18:00 Uhr: Tutti (Festsaal)<\/li>\n<\/ul>\n\n\n\n<hr class=\"wp-block-separator has-alpha-channel-opacity\"\/>\n<\/div><\/div>\n\n\n\n<div class=\"wp-block-group d-none\"><div class=\"wp-block-group__inner-container is-layout-constrained wp-block-group-is-layout-constrained\">\n<h3 class=\"wp-block-heading\"><strong>2. Probenwochenende:<\/strong><\/h3>\n\n\n\n<p><strong><strong>Samstag, <\/strong>18.11.2023, 10:00 Uhr bis 18:00 Uhr in der Neuen Aula<\/strong><\/p>\n\n\n\n<ul class=\"wp-block-list\">\n<li>10:00 Uhr bis 11:00 Uhr: Tutti, UA<\/li>\n\n\n\n<li>11:15 Uhr bis 13:00 Uhr: Tutti, Rachmaninoff<\/li>\n\n\n\n<li>14:30 Uhr bis 17:00 Uhr: Registerproben (Prober\u00e4ume werden vor Ort bekannt gegeben), Rachmaninoff\n<ul class=\"wp-block-list\">\n<li>Holz, Blech, Schlagwerk mit Lars<\/li>\n\n\n\n<li>Streicher mit Symeon<\/li>\n<\/ul>\n<\/li>\n\n\n\n<li>17:00 Uhr bis 18:00 Uhr: Tutti, UA<\/li>\n<\/ul>\n\n\n\n<p><strong><strong>Sonntag, <\/strong>19.11.2023, 10:00 Uhr bis 18:00 Uhr in der Neuen Aula<\/strong><\/p>\n\n\n\n<ul class=\"wp-block-list\">\n<li>10:00 Uhr bis 13:00 Uhr: Registerproben (Prober\u00e4ume werden vor Ort bekannt gegeben), Rismky-Korsakov\n<ul class=\"wp-block-list\">\n<li>Holz mit Peter<\/li>\n\n\n\n<li>Blech, Schlagwerk mit Lars (bis 12 Uhr, Pause von 12 Uhr bis 13:30 Uhr)<\/li>\n\n\n\n<li>Streicher mit Symeon<\/li>\n<\/ul>\n<\/li>\n\n\n\n<li>Blech + Schlagwerk ab 13:30 Uhr, alle anderen ab 14:30 Uhr bis 18:00 Uhr: Registerproben, Rachmaninoff (Prober\u00e4ume werden vor Ort bekannt gegeben)\n<ul class=\"wp-block-list\">\n<li>Blech, Schlagwerk mit Matthias<\/li>\n\n\n\n<li>Holz mit Lars<\/li>\n\n\n\n<li>Streicher mit Symeon<\/li>\n<\/ul>\n<\/li>\n<\/ul>\n\n\n\n<hr class=\"wp-block-separator has-alpha-channel-opacity\"\/>\n<\/div><\/div>\n\n\n\n<div class=\"wp-block-group d-none\"><div class=\"wp-block-group__inner-container is-layout-constrained wp-block-group-is-layout-constrained\">\n<h3 class=\"wp-block-heading\"><strong>3. Probenwochenende:<\/strong><\/h3>\n\n\n\n<p><strong><strong>Samstag, <\/strong>16.12.2023, 10:00 Uhr bis 18:00 Uhr <strong>im Festsaal der Neuen Aula<\/strong><\/strong><\/p>\n\n\n\n<ul class=\"wp-block-list\">\n<li>10:00 Uhr bis 13:00 Uhr: Tutti, Rismky-Korsakov<\/li>\n\n\n\n<li>14:30 Uhr bis 17:00 Uhr: Tutti, Rachmaninoff<\/li>\n\n\n\n<li>17:00 Uhr bis 18:00 Uhr: Tutti, UA<\/li>\n<\/ul>\n\n\n\n<p><strong><strong>Sonntag, <\/strong>17.12.2023, 10:00 Uhr bis 18:00 Uhr <strong><strong>im Festsaal der Neuen Aula<\/strong><\/strong><\/strong><\/p>\n\n\n\n<ul class=\"wp-block-list\">\n<li>10:00 Uhr bis 13:00 Uhr: Tutti, Rismky-Korsakov<\/li>\n\n\n\n<li>14:30 Uhr bis 18:00 Uhr: Tutti, Rismky-Korsakov<\/li>\n<\/ul>\n\n\n\n<hr class=\"wp-block-separator has-alpha-channel-opacity\"\/>\n<\/div><\/div>\n\n\n\n<div class=\"wp-block-group d-none\"><div class=\"wp-block-group__inner-container is-layout-constrained wp-block-group-is-layout-constrained\">\n<h3 class=\"wp-block-heading\"><strong>4. Probenwochenende:<\/strong><\/h3>\n\n\n\n<p><strong>Samstag, 20.01.2024, <strong>10:00 Uhr bis 18:00 Uhr <strong>im Festsaal der Neuen Aula<\/strong><\/strong><\/strong><\/p>\n\n\n\n<ul class=\"wp-block-list\">\n<li>10:00 Uhr bis 13:00 Uhr: Tutti, Rismky-Korsakov<\/li>\n\n\n\n<li>14:30 Uhr bis 17:30 Uhr: Tutti, Rachmaninoff<\/li>\n\n\n\n<li>17:30 Uhr bis 18:00 Uhr: Tutti, UA<\/li>\n<\/ul>\n\n\n\n<p><strong>Sonntag, 21.01.2024, <strong>10:00 Uhr bis 18:00 Uhr <strong>im Festsaal der Neuen Aula<\/strong><\/strong><\/strong><\/p>\n\n\n\n<ul class=\"wp-block-list\">\n<li>10:00 Uhr bis 13:00 Uhr: Tutti, Rachmaninoff<\/li>\n\n\n\n<li>14:30 Uhr bis 15:00 Uhr: Tutti, UA<\/li>\n\n\n\n<li>15:00 Uhr bis 18:00 Uhr: Tutti, Rismky-Korsakov<\/li>\n<\/ul>\n\n\n\n<hr class=\"wp-block-separator has-alpha-channel-opacity\"\/>\n<\/div><\/div>\n\n\n\n<div class=\"wp-block-group d-none\"><div class=\"wp-block-group__inner-container is-layout-constrained wp-block-group-is-layout-constrained\">\n<h3 class=\"wp-block-heading\"><strong>Konzerte:<\/strong><\/h3>\n\n\n\n<p><strong>Donnerstag, 25.01.2024, 20:00 Uhr<\/strong><br>Ort: T\u00fcbingen, Festsaal der Neuen Aula&nbsp;<\/p>\n\n\n\n<div class=\"wp-block-buttons is-layout-flex wp-block-buttons-is-layout-flex\">\n<div class=\"wp-block-button\"><a class=\"wp-block-button__link wp-element-button\" href=\"https:\/\/tickets.studentenphilharmonie.de\/\">Tickets<\/a><\/div>\n<\/div>\n\n\n\n<p><strong>Freitag, 26.01.2024, <strong><strong>19:30 <\/strong><\/strong>Uhr<\/strong><br>Ort: Stuttgart, Paul-Gerhardt-Kirche<br>Tickets: Eintritt frei, Spende erw\u00fcnscht<\/p>\n\n\n\n<hr class=\"wp-block-separator has-alpha-channel-opacity\"\/>\n<\/div><\/div>\n\n\n\n<h2 class=\"wp-block-heading d-none\">Termine im Sommersemester 2023<\/h2>\n\n\n\n<div class=\"wp-block-group d-none\"><div class=\"wp-block-group__inner-container is-layout-constrained wp-block-group-is-layout-constrained\">\n<h3 class=\"wp-block-heading\"><strong>Konzertreise nach Griechenland<\/strong>:<\/h3>\n\n\n\n<p><strong>23.08.2023 bis 28.08.2023<br><\/strong>Informationen und Links zur Konzertreise:<br><a href=\"https:\/\/studentenphilharmonie.de\/index.php\/termine\/griechenland-reise-2023\/\">https:\/\/studentenphilharmonie.de\/index.php\/termine\/griechenland-reise-2023\/<\/a><\/p>\n<\/div><\/div>\n\n\n\n<hr class=\"wp-block-separator has-alpha-channel-opacity d-none\"\/>\n\n\n\n<div class=\"wp-block-group d-none\"><div class=\"wp-block-group__inner-container is-layout-constrained wp-block-group-is-layout-constrained\">\n<h3 class=\"wp-block-heading\"><strong>1. Probenwochenende:<\/strong><\/h3>\n\n\n\n<p><strong>Freitag, 21.04.2023, <em><mark style=\"background-color:rgba(0, 0, 0, 0)\" class=\"has-inline-color has-vivid-red-color\">19:00 Uhr<\/mark><\/em> bis 21:00 Uhr im <em><mark style=\"background-color:rgba(0, 0, 0, 0)\" class=\"has-inline-color has-vivid-red-color\">Verf\u00fcgungsgeb\u00e4ude, Wilhelmstra\u00dfe  19, H\u00f6rsaal 2, EG<\/mark><\/em><\/strong><\/p>\n\n\n\n<ul class=\"wp-block-list\">\n<li>Programmvorbereitung f\u00fcr Konzertreise nach Griechenland: Mozart, 41. Sinfonie (Jupiter)\n<ul class=\"wp-block-list\">\n<li>19:00 Uhr bis 19:30 Uhr: UA<\/li>\n\n\n\n<li>19:30 Uhr bis 21:00 Uhr: Mozart<\/li>\n<\/ul>\n<\/li>\n<\/ul>\n\n\n\n<p><strong>Samstag, 22.04.2023, 10:00 Uhr bis 18:00 Uhr im Festsaal der Neuen Aula<\/strong><\/p>\n\n\n\n<ul class=\"wp-block-list\">\n<li>10:00 Uhr bis 13:00 Uhr: Kennenlernprobe (tutti), Mahler<\/li>\n\n\n\n<li>14:30 Uhr bis 18:00 Uhr: Registerproben, Mahler (Prober\u00e4ume werden vor Ort bekannt gegeben)\n<ul class=\"wp-block-list\">\n<li>Streicher mit Symeon<\/li>\n\n\n\n<li>Schlagwerk, Holz, Blech mit Matthias<\/li>\n\n\n\n<li>Celli mit Bernhard<\/li>\n<\/ul>\n<\/li>\n<\/ul>\n\n\n\n<p><strong><b>Sonntag, <\/b>23.04.2023, <em><mark style=\"background-color:rgba(0, 0, 0, 0)\" class=\"has-inline-color has-vivid-red-color\">9:00 Uhr bis 16:30<\/mark><\/em> Uhr im Festsaal der Neuen Aula<\/strong><\/p>\n\n\n\n<ul class=\"wp-block-list\">\n<li>9:00 Uhr bis 9:45 Uhr: UA<\/li>\n\n\n\n<li>10:00 Uhr  bis 13:00 Uhr: Registerproben, Mahler (Prober\u00e4ume werden vor Ort bekannt gegeben)\n<ul class=\"wp-block-list\">\n<li>Streicher mit Symeon<\/li>\n\n\n\n<li>Schlagwerk, Holz, Blech mit Matthias<\/li>\n\n\n\n<li>Celli mit Bernhard<\/li>\n<\/ul>\n<\/li>\n\n\n\n<li>14:30 Uhr bis 16:30 Uhr: Tutti, Mahler<\/li>\n<\/ul>\n\n\n\n<hr class=\"wp-block-separator has-alpha-channel-opacity\"\/>\n<\/div><\/div>\n\n\n\n<div class=\"wp-block-group d-none\"><div class=\"wp-block-group__inner-container is-layout-constrained wp-block-group-is-layout-constrained\">\n<h3 class=\"wp-block-heading\"><strong>2. Probenwochenende:<\/strong><\/h3>\n\n\n\n<p><strong>Freitag, 19.05.2023, 18:00 Uhr bis 21:00 Uhr im Festsaal der Neuen Aula<\/strong><\/p>\n\n\n\n<ul class=\"wp-block-list\">\n<li>Tutti, Mozart (Festsaal)<\/li>\n<\/ul>\n\n\n\n<p><strong><strong>Samstag, <\/strong>20.05.2023, 10:00 Uhr bis 18:00 Uhr im Festsaal der Neuen Aula<\/strong><\/p>\n\n\n\n<ul class=\"wp-block-list\">\n<li>10:00 Uhr bis 13:00 Uhr: Registerproben, Mahler &amp; UA\n<ul class=\"wp-block-list\">\n<li>Holz mit Peter (H\u00f6rsaal 8 oder 9)<\/li>\n\n\n\n<li>Blech, Schlagwerk mit Matthias (Audimax)<\/li>\n\n\n\n<li>Geigen und Bratschen mit Symeon (Festsaal)<\/li>\n\n\n\n<li>Celli und B\u00e4sse mit Lars (H\u00f6rsaal 2)<\/li>\n<\/ul>\n<\/li>\n\n\n\n<li>14:30 Uhr bis 18:00 Uhr: Registerproben, Mahler &amp; UA\n<ul class=\"wp-block-list\">\n<li>Blech, Holz, Schlagwerk mit Matthias (Audimax)<\/li>\n\n\n\n<li>Geigen und Bratschen mit Symeon (Festsaal)<\/li>\n\n\n\n<li>Celli und B\u00e4sse mit Lars (H\u00f6rsaal 2)<\/li>\n<\/ul>\n<\/li>\n<\/ul>\n\n\n\n<p><strong><strong>Sonntag, <\/strong>21.05.2023, 10:00 Uhr bis 18:00 Uhr in der Neuen Aula<\/strong><\/p>\n\n\n\n<ul class=\"wp-block-list\">\n<li>10:00 Uhr bis 13:00 Uhr: Registerproben, Mahler &amp; UA\n<ul class=\"wp-block-list\">\n<li>Blech, Holz, Schlagwerk mit Matthias (Audimax)<\/li>\n\n\n\n<li>Geigen und Bratschen mit Symeon (Festsaal)<\/li>\n\n\n\n<li>Celli und B\u00e4sse mit Lars (H\u00f6rsaal 2)<\/li>\n<\/ul>\n<\/li>\n\n\n\n<li>14:30 Uhr bis 18:00 Uhr: Tutti, Mahler (Festsaal)<\/li>\n<\/ul>\n\n\n\n<hr class=\"wp-block-separator has-alpha-channel-opacity\"\/>\n<\/div><\/div>\n\n\n\n<div class=\"wp-block-group d-none\"><div class=\"wp-block-group__inner-container is-layout-constrained wp-block-group-is-layout-constrained\">\n<h3 class=\"wp-block-heading\"><strong>3. Probenwochenende:<\/strong><\/h3>\n\n\n\n<p><strong>Freitag, 16.06.2023, 18:00 Uhr bis 21:00 Uhr <strong>im Festsaal der Neuen Aula<\/strong><\/strong><\/p>\n\n\n\n<ul class=\"wp-block-list\">\n<li>Tutti, Mozart, 41. Sinfonie (Jupiter)<\/li>\n<\/ul>\n\n\n\n<p><strong><strong>Samstag, <\/strong>17.06.2023, 10:00 Uhr bis 18:00 Uhr <strong>im Festsaal der Neuen Aula<\/strong><\/strong><\/p>\n\n\n\n<ul class=\"wp-block-list\">\n<li>10:00 Uhr bis 13:00 Uhr: Tutti, Mahler<\/li>\n\n\n\n<li>14:30 Uhr bis 16:00 Uhr: Tutti, Mahler<\/li>\n\n\n\n<li>16:00 Uhr bis 17:30 Uhr: Tutti, Konstantinidis<\/li>\n\n\n\n<li>17:30 Uhr bis 18:00 Uhr: Tutti, UA<\/li>\n<\/ul>\n\n\n\n<p><strong><strong>Sonntag, <\/strong>18.06.2023, 10:00 Uhr bis 18:00 Uhr <strong><strong>im Festsaal der Neuen Aula<\/strong><\/strong><\/strong><\/p>\n\n\n\n<ul class=\"wp-block-list\">\n<li>10:00 Uhr bis 10:30 Uhr: Tutti, UA<\/li>\n\n\n\n<li>10:30 Uhr bis 12:00 Uhr: Tutti, Konstantinidis<\/li>\n\n\n\n<li>12:00 Uhr bis 13:00 Uhr: Tutti, Mahler<\/li>\n\n\n\n<li>14:30 Uhr bis 18:00 Uhr: Tutti, Mahler<\/li>\n<\/ul>\n\n\n\n<hr class=\"wp-block-separator has-alpha-channel-opacity\"\/>\n<\/div><\/div>\n\n\n\n<div class=\"wp-block-group d-none\"><div class=\"wp-block-group__inner-container is-layout-constrained wp-block-group-is-layout-constrained\">\n<h3 class=\"wp-block-heading\"><strong>4. Probenwochenende:<\/strong><\/h3>\n\n\n\n<p><strong>Freitag, 07.07.2023, 18:00 Uhr bis 21:00 Uhr<em><mark style=\"background-color:rgba(0, 0, 0, 0)\" class=\"has-inline-color has-vivid-red-color\"><\/mark><\/em><strong> im Festsaal der Neuen Aula<\/strong><\/strong><\/p>\n\n\n\n<ul class=\"wp-block-list\">\n<li>Tutti, Mozart, 41. Sinfonie (Jupiter)<\/li>\n<\/ul>\n\n\n\n<p><strong>Samstag, 08.07.2023, <em><mark style=\"background-color:rgba(0, 0, 0, 0)\" class=\"has-inline-color has-vivid-red-color\">9:00 Uhr<\/mark><\/em> bis 18:00 Uhr <strong>im Festsaal der Neuen Aula<\/strong><\/strong><\/p>\n\n\n\n<ul class=\"wp-block-list\">\n<li>9:00 Uhr bis 10:00 Uhr: Mozart<\/li>\n\n\n\n<li>10:00 Uhr bis 13:00 Uhr: Tutti, Mahler: 1., 2., 4. Satz<\/li>\n\n\n\n<li>14:30 Uhr bis 16:00 Uhr: Tutti, Mahler: 2. Satz Durchlauf<\/li>\n\n\n\n<li>16:00 Uhr bis 17:30 Uhr: Tutti, Konstantinidis<\/li>\n\n\n\n<li>17:30 Uhr bis 18:00 Uhr: Tutti, UA<\/li>\n<\/ul>\n\n\n\n<p><strong>Sonntag, 09.07.2023, <em><mark style=\"background-color:rgba(0, 0, 0, 0)\" class=\"has-inline-color has-vivid-red-color\">9:00 Uhr<\/mark><\/em> bis 18:00 Uhr <strong>im Festsaal der Neuen Aula<\/strong><\/strong><\/p>\n\n\n\n<ul class=\"wp-block-list\">\n<li>9:00 Uhr bis 10:00 Uhr: Mozart<\/li>\n\n\n\n<li>10:00 Uhr bis 10:30 Uhr: UA<\/li>\n\n\n\n<li>10:30 Uhr bis 12:00 Uhr: Tutti, Konstantinidis<\/li>\n\n\n\n<li>12:00 Uhr bis 13:00 Uhr: Tutti, Mahler: 1. Satz<\/li>\n\n\n\n<li>14:30 Uhr bis 18:00 Uhr: Tutti, Mahler: 2., 3., 4. Satz, dann Durchlauf<\/li>\n<\/ul>\n\n\n\n<hr class=\"wp-block-separator has-alpha-channel-opacity\"\/>\n<\/div><\/div>\n\n\n\n<div class=\"wp-block-group d-none\"><div class=\"wp-block-group__inner-container is-layout-constrained wp-block-group-is-layout-constrained\">\n<h3 class=\"wp-block-heading\"><strong>Konzerte:<\/strong><\/h3>\n\n\n\n<p><strong>Sommerkonzert<\/strong><br><strong>Donnerstag, 13.07.2023, 20:00 Uhr<\/strong><br>Ort: T\u00fcbingen, Festsaal der Neuen Aula&nbsp;<br><br><strong>Sommerkonzert<\/strong><br><strong>Freitag, 14.07.2023, 19:30 Uhr<\/strong><br>Ort: Laichingen<\/p>\n\n\n\n<hr class=\"wp-block-separator has-alpha-channel-opacity\"\/>\n<\/div><\/div>\n\n\n\n<h2 class=\"wp-block-heading d-none\"><a name=\"termine\">Termine im Wintersemester 2022\/2023<\/a><\/h2>\n\n\n\n<div class=\"wp-block-group d-none\"><div class=\"wp-block-group__inner-container is-layout-constrained wp-block-group-is-layout-constrained\">\n<h3 class=\"wp-block-heading\"><strong>Kennenlernprobe:<\/strong><\/h3>\n\n\n\n<p><strong>Freitag, 21.10.2022, 18:00 Uhr bis 21:00 Uhr im Festsaal der Neuen Aula<\/strong><\/p>\n\n\n\n<hr class=\"wp-block-separator has-alpha-channel-opacity\"\/>\n<\/div><\/div>\n\n\n\n<div class=\"wp-block-group d-none\"><div class=\"wp-block-group__inner-container is-layout-constrained wp-block-group-is-layout-constrained\">\n<h3 class=\"wp-block-heading\"><strong>1. Probenwochenende:<\/strong><\/h3>\n\n\n\n<p><strong>Samstag, 22.10.2022, von 10:00 Uhr bis 18:00 Uhr in der Neuen Aula<\/strong><\/p>\n\n\n\n<ul class=\"wp-block-list\">\n<li>10:00 Uhr bis 13:00 Uhr im Festsaal: Tutti, Bruckner<\/li>\n\n\n\n<li>13:00 Uhr bis 14:30 Uhr: Mittagspause<\/li>\n\n\n\n<li>14:30 Uhr bis 18:00 Uhr im Festaal: Tutti, Bruckner<\/li>\n<\/ul>\n\n\n\n<p><strong>Sonntag, 23.10.2022, 10:00 Uhr bis 18:00 Uhr in der Neuen Aula<\/strong><\/p>\n\n\n\n<ul class=\"wp-block-list\">\n<li>10:00 Uhr bis 13:00 Uhr im Festsaal: Tutti, Menelssohn<\/li>\n\n\n\n<li>13:00 Uhr bis 14:30 Uhr: Mittagspause<\/li>\n\n\n\n<li>14:30 Uhr bis 18:00 Uhr: Registerproben\n<ul class=\"wp-block-list\">\n<li>Violine 1 &amp; 2 im H\u00f6rsaal ? (wird vor Ort bekannt gegeben) mit Solist Prof. Dr. Ostertag: Mendelssohn<\/li>\n\n\n\n<li>Viola, Cello, Bass im Festsaal mit Symeon<\/li>\n\n\n\n<li>Blech- und Holzbl\u00e4ser im Audimax mit Shen: 14:30 Uhr bis 16:00 Uhr Bruckner, 16:15 Uhr bis 18:00 Uhr Mendelssohn<\/li>\n<\/ul>\n<\/li>\n<\/ul>\n\n\n\n<hr class=\"wp-block-separator has-alpha-channel-opacity\"\/>\n<\/div><\/div>\n\n\n\n<div class=\"wp-block-group d-none\"><div class=\"wp-block-group__inner-container is-layout-constrained wp-block-group-is-layout-constrained\">\n<h3 class=\"wp-block-heading\"><strong>2. Probenwochenende:<\/strong><\/h3>\n\n\n\n<p><strong>Samstag, 12.11.2022, 10:00 Uhr bis 18:00 Uhr in der Neuen Aula<\/strong><\/p>\n\n\n\n<ul class=\"wp-block-list\">\n<li>10:00 Uhr bis 18:00 Uhr: Registerproben (Mendelssohn: 10:00 Uhr bis 11:30 Uhr; Bruckner: 11:30 Uhr bis 13:00 Uhr, 14:30 Uhr bis 18:00 Uhr)\n<ul class=\"wp-block-list\">\n<li>Violine 1 &amp; 2 im Festsaal mit Sebastian <\/li>\n\n\n\n<li>Blechbl\u00e4ser im Audimax mit Ziqian<\/li>\n\n\n\n<li>Holzbl\u00e4ser im H\u00f6rsaal 4 mit Peter<\/li>\n\n\n\n<li>Bratsche im H\u00f6rsaal 8 mit Hannah (10:00 Uhr bis 13:00 Uhr)<\/li>\n\n\n\n<li>Cello und Bass im H\u00f6rsaal 2 mit Bernhard<\/li>\n<\/ul>\n<\/li>\n<\/ul>\n\n\n\n<p><strong>Sonntag, 13.11.2022, 10:00 Uhr bis 18:00 Uhr in der Neuen Aula<\/strong><\/p>\n\n\n\n<ul class=\"wp-block-list\">\n<li>10:00 Uhr bis 13:00 Uhr: Registerproben \n<ul class=\"wp-block-list\">\n<li>Blechbl\u00e4ser, Holzbl\u00e4ser, Schlagwerk im Festsaal mit Peter<\/li>\n\n\n\n<li>Violine 1 &amp; 2 im Festsaal mit Symeon<\/li>\n\n\n\n<li>Bratsche im H\u00f6rsaal 4 mit Hannah<\/li>\n\n\n\n<li>Cello, Bass im H\u00f6rsaal 2, eigenst\u00e4ndig <\/li>\n<\/ul>\n<\/li>\n\n\n\n<li>14:30 Uhr bis 18:00 Uhr im Festsaal: Tutti\n<ul class=\"wp-block-list\">\n<li>14:30 Uhr bis 16:30 Uhr: Bruckner<\/li>\n\n\n\n<li>16:45 Uhr bis 17:00 Uhr: UA<\/li>\n\n\n\n<li>17:00 Uhr bis 18:00 Uhr: Mendelssohn<\/li>\n<\/ul>\n<\/li>\n<\/ul>\n\n\n\n<hr class=\"wp-block-separator has-alpha-channel-opacity\"\/>\n<\/div><\/div>\n\n\n\n<div class=\"wp-block-group d-none\"><div class=\"wp-block-group__inner-container is-layout-constrained wp-block-group-is-layout-constrained\">\n<h3 class=\"wp-block-heading\"><strong>3. Probenwochenende:<\/strong><\/h3>\n\n\n\n<p><strong>Samstag, 03.12.2022, 10:00 Uhr bis 18:00 Uhr im Festsaal der Neuen Aula<\/strong><\/p>\n\n\n\n<ul class=\"wp-block-list\">\n<li>10:00 Uhr bis 13:00 Uhr: Bruckner<\/li>\n\n\n\n<li>14:30 Uhr bis 15:30 Uhr: UA (mit Komponist)<\/li>\n\n\n\n<li>15:30 Uhr bis 17:00 Uhr: Mendelssohn, tutti<\/li>\n\n\n\n<li>17:00 Uhr bis 18:00 Uhr: Mendelssohn, nur Streicher<\/li>\n<\/ul>\n\n\n\n<p><strong>Sonntag, 04.12.2022, <em><mark style=\"background-color:rgba(0, 0, 0, 0)\" class=\"has-inline-color has-vivid-red-color\">9:00 Uhr<\/mark><\/em> bis 16:30 Uhr im Festsaal der Neuen Aula<\/strong><\/p>\n\n\n\n<ul class=\"wp-block-list\">\n<li><strong>09:00 Uhr<\/strong> bis 12:00 Uhr: Mendelssohn (mit Solist)<\/li>\n\n\n\n<li>13:00 Uhr bis 16:30 Uhr: Bruckner<\/li>\n<\/ul>\n\n\n\n<hr class=\"wp-block-separator has-alpha-channel-opacity\"\/>\n<\/div><\/div>\n\n\n\n<div class=\"wp-block-group d-none\"><div class=\"wp-block-group__inner-container is-layout-constrained wp-block-group-is-layout-constrained\">\n<h3 class=\"wp-block-heading\"><strong>4. Probenwochenende:<\/strong><\/h3>\n\n\n\n<p><strong>Samstag, 14.01.2023, 10:00 Uhr bis 18:00 Uhr im <mark style=\"background-color:rgba(0, 0, 0, 0)\" class=\"has-inline-color has-vivid-red-color\">Clubhaus<\/mark><\/strong><\/p>\n\n\n\n<ul class=\"wp-block-list\">\n<li>10:00 Uhr bis 13:00 Uhr: 1.\/2. Satz Bruckner<\/li>\n\n\n\n<li>14:30 Uhr bis 17:30 Uhr: 3.\/4. Satz Bruckner<\/li>\n\n\n\n<li>17:30 Uhr bis 18:00 Uhr: UA<\/li>\n<\/ul>\n\n\n\n<p><strong>Sonntag, 15.01.2023, 09:00 Uhr bis 16:30 Uhr im <mark style=\"background-color:rgba(0, 0, 0, 0)\" class=\"has-inline-color has-vivid-red-color\">Clubhaus<\/mark><\/strong><\/p>\n\n\n\n<ul class=\"wp-block-list\">\n<li>09:00 Uhr bis 10:00 Uhr: Bruckner, nur Streicher<\/li>\n\n\n\n<li>10:00 Uhr bis 11:15 Uhr: Mendelssohn, tutti<\/li>\n\n\n\n<li>11:15 Uhr bis 12:00 Uhr: 3. Satz Mendelssohn (mit Solist)<\/li>\n\n\n\n<li>13:30 Uhr: Durchlauf Mendelssohn<\/li>\n\n\n\n<li>UA mit Ziqian<\/li>\n\n\n\n<li>Durchlauf Bruckner<\/li>\n<\/ul>\n\n\n\n<hr class=\"wp-block-separator has-alpha-channel-opacity\"\/>\n<\/div><\/div>\n\n\n\n<div class=\"wp-block-group d-none\"><div class=\"wp-block-group__inner-container is-layout-constrained wp-block-group-is-layout-constrained\">\n<h3 class=\"wp-block-heading\"><strong>Konzerte:<\/strong><\/h3>\n\n\n\n<p><strong>Donnerstag, 19.01.2023, 20:00 Uhr<\/strong><br>Ort: T\u00fcbingen, Festsaal der Neuen Aula&nbsp;<\/p>\n\n\n\n<p><strong>Sonntag, 22.01.2023, 18:30 Uhr<\/strong><br>Ort: Calw, Neue Aula<\/p>\n<\/div><\/div>\n","protected":false},"excerpt":{"rendered":"<p>Das Programm wird ausschlie\u00dflich an Probewochenenden erarbeitet. Es gibt keine w\u00f6chentlichen Proben. Hier sind alle Proben- und Konzerttermine: N\u00e4chste Termine Terminkalender abonnieren Abonniere den Kalender der StudPhil und behalte alle Termine im Blick: Weitere Kalenderformate findest du bei unserem Veranstaltungskalender ganz unten auf der Seite. Bei Problemen oder Fragen gerne melden. Termine im Sommersemester 2026 Kennenlernprobe: Freitag, 17.04.2026, 18:00 Uhr bis 21:00 Uhr im Festsaal der Neuen Aula 1. Probenwochenende: Samstag, 18.04.2026, 10:00 Uhr bis 18:00 Uhr im Festsaal der Neuen Aula Sonntag, 19.04.2026, 10:00 Uhr bis 18:00 Uhr im Festsaal der Neuen Aula 2. Probenwochenende: Samstag, 02.05.2026, 10:00 Uhr bis 18:00 Uhr im Festsaal der Neuen Aula Sonntag, 03.05.2026, 10:00 Uhr bis 18:00 Uhr im Festsaal der Neuen Aula 3. Probenwochenende: Samstag, 13.06.2026, 10:00 Uhr bis 18:00 Uhr im Festsaal der Neuen Aula Sonntag, 14.06.2026, 10:00 Uhr bis 18:00 Uhr im Festsaal der Neuen Aula 4. Probenwochenende: Samstag, 04.07.2026,&hellip;<\/p>\n<p> <a class=\"more-link\" href=\"https:\/\/studentenphilharmonie.de\/index.php\/termine\/\">Weiterlesen<\/a><\/p>\n","protected":false},"author":1,"featured_media":51,"parent":0,"menu_order":0,"comment_status":"closed","ping_status":"closed","template":"","meta":{"_acf_changed":false,"footnotes":""},"class_list":["post-50","page","type-page","status-publish","has-post-thumbnail"],"acf":[],"_links":{"self":[{"href":"https:\/\/studentenphilharmonie.de\/index.php\/wp-json\/wp\/v2\/pages\/50","targetHints":{"allow":["GET"]}}],"collection":[{"href":"https:\/\/studentenphilharmonie.de\/index.php\/wp-json\/wp\/v2\/pages"}],"about":[{"href":"https:\/\/studentenphilharmonie.de\/index.php\/wp-json\/wp\/v2\/types\/page"}],"author":[{"embeddable":true,"href":"https:\/\/studentenphilharmonie.de\/index.php\/wp-json\/wp\/v2\/users\/1"}],"replies":[{"embeddable":true,"href":"https:\/\/studentenphilharmonie.de\/index.php\/wp-json\/wp\/v2\/comments?post=50"}],"version-history":[{"count":207,"href":"https:\/\/studentenphilharmonie.de\/index.php\/wp-json\/wp\/v2\/pages\/50\/revisions"}],"predecessor-version":[{"id":3413,"href":"https:\/\/studentenphilharmonie.de\/index.php\/wp-json\/wp\/v2\/pages\/50\/revisions\/3413"}],"wp:featuredmedia":[{"embeddable":true,"href":"https:\/\/studentenphilharmonie.de\/index.php\/wp-json\/wp\/v2\/media\/51"}],"wp:attachment":[{"href":"https:\/\/studentenphilharmonie.de\/index.php\/wp-json\/wp\/v2\/media?parent=50"}],"curies":[{"name":"wp","href":"https:\/\/api.w.org\/{rel}","templated":true}]}}