{"id":1768,"date":"2023-07-14T17:14:27","date_gmt":"2023-07-14T15:14:27","guid":{"rendered":"https:\/\/studentenphilharmonie.de\/?page_id=1768"},"modified":"2023-07-17T21:38:01","modified_gmt":"2023-07-17T19:38:01","slug":"programm-sommersemester-2023","status":"publish","type":"page","link":"https:\/\/studentenphilharmonie.de\/index.php\/programmarchiv\/programm-sommersemester-2023\/","title":{"rendered":"Programm Sommersemester 2023"},"content":{"rendered":"\n<div class=\"wp-block-group\"><div class=\"wp-block-group__inner-container is-layout-flow wp-block-group-is-layout-flow\">\n<p>Im Sommersemester 2023 standen folgende St\u00fccke auf dem Programm:<\/p>\n\n\n\n<ul class=\"wp-block-list\">\n<li>Gustav Mahler: 1. Sinfonie <br><strong>Hinweis: <\/strong><br><strong>Auff\u00fchrung nur <\/strong>beim Konzert <strong>in T\u00fcbingen am 13.07.2023<\/strong>, <strong>keine Auff\u00fchrung <\/strong>beim Konzert in Laichingen <strong>am 14.07.2023<\/strong><\/li>\n<\/ul>\n<\/div><\/div>\n\n\n\n<blockquote class=\"wp-block-quote is-layout-flow wp-block-quote-is-layout-flow\">\n<p><a href=\"sms:81190;?&amp;body=WIKI\"><\/a>Die&nbsp;<strong>1. Sinfonie in D-Dur<\/strong>&nbsp;[erhielt] von&nbsp;Gustav Mahler [&#8230;] zeitweilig den Beinamen&nbsp;<em>Titan<\/em> [&#8230;].<\/p>\n\n\n\n<p><a href=\"https:\/\/de.m.wikipedia.org\/wiki\/Datei:Gustav_Mahler_Gedenktafel.jpg\" target=\"_blank\" rel=\"noopener\"><\/a>Die Sinfonie entstand in der Zeit von Januar bis M\u00e4rz 1888 in&nbsp;<a href=\"https:\/\/de.m.wikipedia.org\/wiki\/Leipzig\" target=\"_blank\" rel=\"noopener\">Leipzig<\/a>. Die Vorarbeiten reichen jedoch bis in das Jahr 1884 zur\u00fcck. Mahler hat die Anregung zu der Sinfonie seinem ersten Liederzyklus, den&nbsp;<em><a href=\"https:\/\/de.m.wikipedia.org\/wiki\/Lieder_eines_fahrenden_Gesellen\" target=\"_blank\" rel=\"noopener\">Liedern eines fahrenden Gesellen<\/a><\/em>&nbsp;von 1885, entnommen.<\/p>\n\n\n\n<p>Mahler war sich zun\u00e4chst unschl\u00fcssig, ob er das Werk als&nbsp;<a href=\"https:\/\/de.m.wikipedia.org\/wiki\/Sinfonische_Dichtung\" target=\"_blank\" rel=\"noopener\">sinfonische Dichtung<\/a>&nbsp;oder als&nbsp;<a href=\"https:\/\/de.m.wikipedia.org\/wiki\/Sinfonie\" target=\"_blank\" rel=\"noopener\">Sinfonie<\/a>&nbsp;konzipieren sollte. Die urspr\u00fcnglich vorgesehene Gro\u00dfgliederung der S\u00e4tze in zwei Teile fiel im Lauf der Zeit ebenso weg wie ein urspr\u00fcnglich an zweiter Stelle stehender zus\u00e4tzlicher Satz. Dieser wird unter der Bezeichnung&nbsp;<em>Blumine<\/em>&nbsp;gelegentlich noch aufgef\u00fchrt.<sup><a href=\"https:\/\/de.m.wikipedia.org\/wiki\/1._Sinfonie_(Mahler)#cite_note-1\" target=\"_blank\" rel=\"noopener\">[1]<\/a><\/sup>&nbsp;Bei den ersten Auff\u00fchrungen versuchte Mahler auch, dem Publikum den Zugang zu dem Werk durch Werk- und Satztitel zu erleichtern. Der zeitweise beigegebene Titel&nbsp;<em>Titan<\/em>&nbsp;bezieht sich auf den&nbsp;<a href=\"https:\/\/de.m.wikipedia.org\/wiki\/Titan_(Jean_Paul)\" target=\"_blank\" rel=\"noopener\">gleichnamigen Roman<\/a>&nbsp;<a href=\"https:\/\/de.m.wikipedia.org\/wiki\/Jean_Paul\" target=\"_blank\" rel=\"noopener\">Jean Pauls<\/a>. Mahler zog diesen programmatischen Namen jedoch sp\u00e4ter zur\u00fcck. Der Trauermarsch trug kurzfristig den Beinamen&nbsp;<em>Ein Totenmarsch in&nbsp;<a href=\"https:\/\/de.m.wikipedia.org\/wiki\/Jacques_Callot\" target=\"_blank\" rel=\"noopener\">Callots<\/a>&nbsp;Manier<\/em>, was eine Anspielung auf&nbsp;<a href=\"https:\/\/de.m.wikipedia.org\/wiki\/E._T._A._Hoffmann\" target=\"_blank\" rel=\"noopener\">E. T. A. Hoffmanns<\/a>&nbsp;<em>Fantasiest\u00fccke in Callots Manier<\/em>&nbsp;darstellte. Allerdings kannte Mahler dieses Werk zur Entstehungszeit der Sinfonie noch gar nicht, so dass der ebenfalls zur\u00fcckgezogene Titel wohl auf den Vorschlag seines Freundes&nbsp;<a href=\"https:\/\/de.m.wikipedia.org\/wiki\/Ferdinand_Pfohl\" target=\"_blank\" rel=\"noopener\">Ferdinand Pfohl<\/a>&nbsp;zur\u00fcckgeht.<\/p>\n\n\n\n<p>1889 f\u00fchrte Mahler das Werk in&nbsp;<a href=\"https:\/\/de.m.wikipedia.org\/wiki\/Budapest\" target=\"_blank\" rel=\"noopener\">Budapest<\/a>&nbsp;als Sinfonische Dichtung in zwei Teilen auf. Zur Hamburger Auff\u00fchrung 1893 verfasste Mahler sogar ein vollst\u00e4ndig ausgearbeitetes&nbsp;<a href=\"https:\/\/de.m.wikipedia.org\/wiki\/Programmmusik\" target=\"_blank\" rel=\"noopener\">Programm<\/a><sup><a href=\"https:\/\/de.m.wikipedia.org\/wiki\/1._Sinfonie_(Mahler)#cite_note-2\" target=\"_blank\" rel=\"noopener\">[2]<\/a><\/sup>, auf dessen Beigabe er sp\u00e4ter verzichtete, \u201eweil ich es erlebt habe, auf welch falsche Wege hiedurch das Publikum geriet\u201c.<sup><a href=\"https:\/\/de.m.wikipedia.org\/wiki\/1._Sinfonie_(Mahler)#cite_note-3\" target=\"_blank\" rel=\"noopener\">[3]<\/a><\/sup>&nbsp;Erst mit der Drucklegung im Jahr 1899 erhielt die Sinfonie ihre bis heute bekannte viers\u00e4tzige Form.<\/p>\n<cite>Quelle: <a href=\"https:\/\/de.m.wikipedia.org\/wiki\/1._Sinfonie_(Mahler)\" target=\"_blank\" rel=\"noreferrer noopener\">Wikipedia, 1. Sinfonie (Mahler)<\/a><\/cite><\/blockquote>\n\n\n\n<ul class=\"wp-block-list\">\n<li>Wolfgang Amadeus Mozart: Sinfonie Nr. 41 (Jupiter)<br><strong>Hinweis: <\/strong><br><strong>Auff\u00fchrung nur <\/strong>beim Konzert <strong>in Laichingen <strong>am 14.07.2023<\/strong><\/strong>, <strong>keine Auff\u00fchrung <\/strong>beim Konzert <strong>in T\u00fcbingen am 13.07.2023<\/strong><\/li>\n<\/ul>\n\n\n\n<blockquote class=\"wp-block-quote is-layout-flow wp-block-quote-is-layout-flow\">\n<p>Bez\u00fcglich der Entstehungsgeschichte der im Zusammenhang zu betrachtenden Sinfonien K\u00f6chelverzeichnis (KV)&nbsp;543 (Es-Dur), 550 (g-Moll) und 551 siehe bei <a href=\"https:\/\/de.wikipedia.org\/wiki\/39._Sinfonie_(Mozart)\" target=\"_blank\" rel=\"noopener\">KV&nbsp;543<\/a>.<\/p>\n\n\n\n<p>Am 10.&nbsp;August 1788 trug Mozart die Fertigstellung der Sinfonie KV&nbsp;551 (als Nummer 92) in sein eigenes Werkverzeichnis mit folgenden Worten ein: \u201eEine Sinfonie. \u2013 2 violini, 1 flauto, 2 oboe, 2 fagotti, 2 Corni, 2 clarini, Timpany, viole e Ba\u00dfi.\u201c<sup><a href=\"https:\/\/de.wikipedia.org\/wiki\/41._Sinfonie_(Mozart)#cite_note-Scherliess-1\" target=\"_blank\" rel=\"noopener\">[1]<\/a><\/sup> Nach Mozarts Tod wurde das Werk \u2013 insbesondere das Finale \u2013 als eines der gelungensten St\u00fccke der Sinfonik angesehen und erhielt teilweise den Titel \u201eSinfonie mit der Schlussfuge\u201c. In der <em>Allgemeinen musikalischen Zeitung<\/em> von 1808 hei\u00dft es, dass das Werk in Leipzig inzwischen \u201eein so erkl\u00e4rtes Lieblingsst\u00fcck der hiesigen Kunstfreunde [ist], dass wir sie ihnen kein Jahr vorenthalten.\u201c Insbesondere in London erfuhr das Werk besondere Wertsch\u00e4tzung, wurde 1810 als <a href=\"https:\/\/de.wikipedia.org\/wiki\/Partitur\" target=\"_blank\" rel=\"noopener\">Partitur<\/a> gedruckt<sup><a href=\"https:\/\/de.wikipedia.org\/wiki\/41._Sinfonie_(Mozart)#cite_note-2\" target=\"_blank\" rel=\"noopener\">[2]<\/a><\/sup> und als \u201eh\u00f6chster Triumph der Instrumentalkomposition\u201c gefeiert.<sup><a href=\"https:\/\/de.wikipedia.org\/wiki\/41._Sinfonie_(Mozart)#cite_note-Scherliess-1\" target=\"_blank\" rel=\"noopener\">[1]<\/a><\/sup><\/p>\n\n\n\n<p>Als letzte Sinfonie Mozarts unterlag KV&nbsp;551 teilweise einer etwas romantischen Deutung in dem Sinne, dass Mozart in dem Wissen, dass es seine letzte Sinfonie sei, eine Art Zusammenfassung dessen komponiert habe, was \u00fcberhaupt in der Sinfonik zu sagen m\u00f6glich sei, also quasi ein \u201eSchlusswort\u201c.<sup><a href=\"https:\/\/de.wikipedia.org\/wiki\/41._Sinfonie_(Mozart)#cite_note-3\" target=\"_blank\" rel=\"noopener\">[3]<\/a><\/sup> Andererseits erscheint es unwahrscheinlich, dass Mozart 1788 seinen Tod im Jahr 1791 vorausgesehen haben soll und mit KV&nbsp;551 einen Schlussstrich ziehen wollte.<sup><a href=\"https:\/\/de.wikipedia.org\/wiki\/41._Sinfonie_(Mozart)#cite_note-Scherliess-1\" target=\"_blank\" rel=\"noopener\">[1]<\/a><\/sup><sup><a href=\"https:\/\/de.wikipedia.org\/wiki\/41._Sinfonie_(Mozart)#cite_note-Brown-4\" target=\"_blank\" rel=\"noopener\">[4]<\/a><\/sup><\/p>\n<cite>Quelle: <a href=\"https:\/\/de.wikipedia.org\/wiki\/41._Sinfonie_(Mozart)\" target=\"_blank\" rel=\"noopener\">Wikipedia: 41. Sinfonie (Mozart)<\/a><\/cite><\/blockquote>\n\n\n\n<ul class=\"wp-block-list\">\n<li>Giannis Konstantinidis: Dodekanesische Suite f\u00fcr Solo Violine und Orchester<\/li>\n<\/ul>\n\n\n\n<blockquote class=\"wp-block-quote is-layout-flow wp-block-quote-is-layout-flow\">\n<p><strong>Yiannis Konstantinides<\/strong> ist in Izmir geboren. Er hat Klavier und Musiktheorie an der Universit\u00e4t der K\u00fcnste Berlin studiert. Sein umfangreiches Liedschaffen hat einen echten griechischen Charakter, da er von der griechischen Volksmusik inspiriert wurde. Es ist charakteristisch, dass er unter dem Pseudonym Kostas Giannidis sogenannte leichte Musik (Unterhaltungsmusik) schuf. Er hat eine Vielzahl von Werken mit Bezug auf die Rhythmen und Melodien der Dodekanes-Inseln komponiert, darunter zwei dodekanesische Suiten f\u00fcr Orchester. Die <strong><em>Dodekanesische Suite Nr. 1<\/em><\/strong> wurde im Jahr 1948 geschrieben. Die Suite ist dem Schweizer Musikwissenschaftler Samuel Baud-Bovy gewidmet, da ihre Themen den beiden B\u00e4nden seiner Sammlung \u201eChansons du Dod\u00e9can\u00e8se\u201c (Lieder aus der Dodekanes) entnommen sind. Es handelt sich um eine wunderbare Studie der T\u00e4nze und Lieder dieser Inseln.<\/p>\n<cite>Quelle: <a href=\"https:\/\/www.tsso.gr\/default.aspx?lang=en-GB&amp;page=6&amp;eventid=159907\" target=\"_blank\" rel=\"noreferrer noopener nofollow\">Thessaloniki State Symphony Orchestra, TSSO in Munich \u2013 Memorial concert for the Holocaust of Thessalonician Jew<\/a><\/cite><\/blockquote>\n\n\n\n<ul class=\"wp-block-list\">\n<li>Boyatzis Ioannis: &#8222;The Hidden Path&#8220; for orchestra, Urauff\u00fchrung<\/li>\n<\/ul>\n\n\n\n<div class=\"wp-block-buttons is-layout-flex wp-block-buttons-is-layout-flex\">\n<div class=\"wp-block-button\"><a class=\"wp-block-button__link wp-element-button\" href=\"https:\/\/studentenphilharmonie.de\/wp-content\/uploads\/2023\/07\/Programmheft-SoSe23-Tuebingen.pdf\" target=\"_blank\" rel=\"noreferrer noopener\">Programmheft<\/a><\/div>\n\n\n\n<div class=\"wp-block-button\"><a class=\"wp-block-button__link wp-element-button\" href=\"https:\/\/studentenphilharmonie.de\/index.php\/programmarchiv\/\">Programmarchiv vergangener Konzerte<\/a><\/div>\n<\/div>\n\n\n\n<div style=\"height:50px\" aria-hidden=\"true\" class=\"wp-block-spacer\"><\/div>\n\n\n<div class=\"wp-block-image\">\n<figure class=\"aligncenter size-large\"><img loading=\"lazy\" decoding=\"async\" width=\"729\" height=\"1024\" src=\"https:\/\/studentenphilharmonie.de\/wp-content\/uploads\/2023\/06\/SoSe23_Konzert-I-1920-729x1024.png\" alt=\"Programm Sommerkonzert 2023 T\u00fcbingen\" class=\"wp-image-1583\" srcset=\"https:\/\/studentenphilharmonie.de\/wp-content\/uploads\/2023\/06\/SoSe23_Konzert-I-1920-729x1024.png 729w, https:\/\/studentenphilharmonie.de\/wp-content\/uploads\/2023\/06\/SoSe23_Konzert-I-1920-213x300.png 213w, https:\/\/studentenphilharmonie.de\/wp-content\/uploads\/2023\/06\/SoSe23_Konzert-I-1920-768x1079.png 768w, https:\/\/studentenphilharmonie.de\/wp-content\/uploads\/2023\/06\/SoSe23_Konzert-I-1920-1093x1536.png 1093w, https:\/\/studentenphilharmonie.de\/wp-content\/uploads\/2023\/06\/SoSe23_Konzert-I-1920-1320x1855.png 1320w, https:\/\/studentenphilharmonie.de\/wp-content\/uploads\/2023\/06\/SoSe23_Konzert-I-1920.png 1366w\" sizes=\"auto, (max-width: 729px) 100vw, 729px\" \/><figcaption class=\"wp-element-caption\">Programm Sommerkonzert 2023 T\u00fcbingen<\/figcaption><\/figure>\n<\/div>\n\n<div class=\"wp-block-image\">\n<figure class=\"aligncenter size-large\"><img loading=\"lazy\" decoding=\"async\" width=\"729\" height=\"1024\" src=\"https:\/\/studentenphilharmonie.de\/wp-content\/uploads\/2023\/06\/SoSe23_Konzert-II-1920-729x1024.png\" alt=\"Programm Sommerkonzert 2023 Laichingen\" class=\"wp-image-1582\" srcset=\"https:\/\/studentenphilharmonie.de\/wp-content\/uploads\/2023\/06\/SoSe23_Konzert-II-1920-729x1024.png 729w, https:\/\/studentenphilharmonie.de\/wp-content\/uploads\/2023\/06\/SoSe23_Konzert-II-1920-213x300.png 213w, https:\/\/studentenphilharmonie.de\/wp-content\/uploads\/2023\/06\/SoSe23_Konzert-II-1920-768x1079.png 768w, https:\/\/studentenphilharmonie.de\/wp-content\/uploads\/2023\/06\/SoSe23_Konzert-II-1920-1093x1536.png 1093w, https:\/\/studentenphilharmonie.de\/wp-content\/uploads\/2023\/06\/SoSe23_Konzert-II-1920-1320x1855.png 1320w, https:\/\/studentenphilharmonie.de\/wp-content\/uploads\/2023\/06\/SoSe23_Konzert-II-1920.png 1366w\" sizes=\"auto, (max-width: 729px) 100vw, 729px\" \/><figcaption class=\"wp-element-caption\">Programm Sommerkonzert 2023 Laichingen<\/figcaption><\/figure>\n<\/div>","protected":false},"excerpt":{"rendered":"<p>Im Sommersemester 2023 standen folgende St\u00fccke auf dem Programm: Die&nbsp;1. Sinfonie in D-Dur&nbsp;[erhielt] von&nbsp;Gustav Mahler [&#8230;] zeitweilig den Beinamen&nbsp;Titan [&#8230;]. Die Sinfonie entstand in der Zeit von Januar bis M\u00e4rz 1888 in&nbsp;Leipzig. Die Vorarbeiten reichen jedoch bis in das Jahr 1884 zur\u00fcck. Mahler hat die Anregung zu der Sinfonie seinem ersten Liederzyklus, den&nbsp;Liedern eines fahrenden Gesellen&nbsp;von 1885, entnommen. Mahler war sich zun\u00e4chst unschl\u00fcssig, ob er das Werk als&nbsp;sinfonische Dichtung&nbsp;oder als&nbsp;Sinfonie&nbsp;konzipieren sollte. Die urspr\u00fcnglich vorgesehene Gro\u00dfgliederung der S\u00e4tze in zwei Teile fiel im Lauf der Zeit ebenso weg wie ein urspr\u00fcnglich an zweiter Stelle stehender zus\u00e4tzlicher Satz. Dieser wird unter der Bezeichnung&nbsp;Blumine&nbsp;gelegentlich noch aufgef\u00fchrt.[1]&nbsp;Bei den ersten Auff\u00fchrungen versuchte Mahler auch, dem Publikum den Zugang zu dem Werk durch Werk- und Satztitel zu erleichtern. Der zeitweise beigegebene Titel&nbsp;Titan&nbsp;bezieht sich auf den&nbsp;gleichnamigen Roman&nbsp;Jean Pauls. Mahler zog diesen programmatischen Namen jedoch sp\u00e4ter zur\u00fcck. Der Trauermarsch trug kurzfristig den Beinamen&nbsp;Ein Totenmarsch in&nbsp;Callots&nbsp;Manier, was eine Anspielung&hellip;<\/p>\n<p> <a class=\"more-link\" href=\"https:\/\/studentenphilharmonie.de\/index.php\/programmarchiv\/programm-sommersemester-2023\/\">Weiterlesen<\/a><\/p>\n","protected":false},"author":20,"featured_media":1771,"parent":870,"menu_order":0,"comment_status":"closed","ping_status":"closed","template":"","meta":{"_acf_changed":false,"footnotes":""},"class_list":["post-1768","page","type-page","status-publish","has-post-thumbnail"],"acf":[],"_links":{"self":[{"href":"https:\/\/studentenphilharmonie.de\/index.php\/wp-json\/wp\/v2\/pages\/1768","targetHints":{"allow":["GET"]}}],"collection":[{"href":"https:\/\/studentenphilharmonie.de\/index.php\/wp-json\/wp\/v2\/pages"}],"about":[{"href":"https:\/\/studentenphilharmonie.de\/index.php\/wp-json\/wp\/v2\/types\/page"}],"author":[{"embeddable":true,"href":"https:\/\/studentenphilharmonie.de\/index.php\/wp-json\/wp\/v2\/users\/20"}],"replies":[{"embeddable":true,"href":"https:\/\/studentenphilharmonie.de\/index.php\/wp-json\/wp\/v2\/comments?post=1768"}],"version-history":[{"count":7,"href":"https:\/\/studentenphilharmonie.de\/index.php\/wp-json\/wp\/v2\/pages\/1768\/revisions"}],"predecessor-version":[{"id":1780,"href":"https:\/\/studentenphilharmonie.de\/index.php\/wp-json\/wp\/v2\/pages\/1768\/revisions\/1780"}],"up":[{"embeddable":true,"href":"https:\/\/studentenphilharmonie.de\/index.php\/wp-json\/wp\/v2\/pages\/870"}],"wp:featuredmedia":[{"embeddable":true,"href":"https:\/\/studentenphilharmonie.de\/index.php\/wp-json\/wp\/v2\/media\/1771"}],"wp:attachment":[{"href":"https:\/\/studentenphilharmonie.de\/index.php\/wp-json\/wp\/v2\/media?parent=1768"}],"curies":[{"name":"wp","href":"https:\/\/api.w.org\/{rel}","templated":true}]}}